{"id":12273,"date":"2021-09-21T14:11:53","date_gmt":"2021-09-21T14:11:53","guid":{"rendered":"https:\/\/www.franciscansusa.org\/?page_id=12273"},"modified":"2021-09-22T15:48:37","modified_gmt":"2021-09-22T15:48:37","slug":"2021-fall-newsletter-my-soul-proclaims-the-greatness-of-the-lord","status":"publish","type":"page","link":"https:\/\/www.franciscansusa.org\/es\/2021-fall-newsletter-my-soul-proclaims-the-greatness-of-the-lord\/","title":{"rendered":"Bolet\u00edn de Oto\u00f1o 2021 \u2013 \u00a1Mi Alma Proclama la Grandeza del Se\u00f1or!"},"content":{"rendered":"<div class=\"wpb-content-wrapper\"><section class=\"l-section wpb_row height_medium\"><div class=\"l-section-h i-cf\"><div class=\"g-cols vc_row type_default valign_top\"><div class=\"vc_col-sm-12 wpb_column vc_column_container\"><div class=\"vc_column-inner\"><div class=\"wpb_wrapper\"><div class=\"w-image align_center\"><div class=\"w-image-h\"><img loading=\"lazy\" decoding=\"async\" width=\"1244\" height=\"326\" src=\"https:\/\/www.franciscansusa.org\/wp-content\/uploads\/2021\/09\/2021-fall-header.jpg\" class=\"attachment-full size-full\" alt=\"\" srcset=\"https:\/\/www.franciscansusa.org\/wp-content\/uploads\/2021\/09\/2021-fall-header.jpg 1244w, https:\/\/www.franciscansusa.org\/wp-content\/uploads\/2021\/09\/2021-fall-header-300x79.jpg 300w, https:\/\/www.franciscansusa.org\/wp-content\/uploads\/2021\/09\/2021-fall-header-1024x268.jpg 1024w, https:\/\/www.franciscansusa.org\/wp-content\/uploads\/2021\/09\/2021-fall-header-18x5.jpg 18w, https:\/\/www.franciscansusa.org\/wp-content\/uploads\/2021\/09\/2021-fall-header-150x39.jpg 150w, https:\/\/www.franciscansusa.org\/wp-content\/uploads\/2021\/09\/2021-fall-header-600x157.jpg 600w\" sizes=\"auto, (max-width: 1244px) 100vw, 1244px\" \/><\/div><\/div><\/div><\/div><\/div><\/div><\/div><\/section><section class=\"l-section wpb_row height_medium\"><div class=\"l-section-h i-cf\"><div class=\"g-cols vc_row type_default valign_top\"><div class=\"vc_col-sm-12 wpb_column vc_column_container\"><div class=\"vc_column-inner\"><div class=\"wpb_wrapper\"><div class=\"wpb_text_column\" ><div class=\"wpb_wrapper\"><p><img loading=\"lazy\" decoding=\"async\" class=\"wp-image-9882 alignright\" src=\"https:\/\/www.franciscansusa.org\/wp-content\/uploads\/2020\/02\/Screenshot-2020-02-28-10.12.46.png\" alt=\"\" width=\"208\" height=\"208\" srcset=\"https:\/\/www.franciscansusa.org\/wp-content\/uploads\/2020\/02\/Screenshot-2020-02-28-10.12.46-11x12.png 11w, https:\/\/www.franciscansusa.org\/wp-content\/uploads\/2020\/02\/Screenshot-2020-02-28-10.12.46-25x25.png 25w, https:\/\/www.franciscansusa.org\/wp-content\/uploads\/2020\/02\/Screenshot-2020-02-28-10.12.46-150x150.png 150w, https:\/\/www.franciscansusa.org\/wp-content\/uploads\/2020\/02\/Screenshot-2020-02-28-10.12.46-600x600.png 600w\" sizes=\"auto, (max-width: 208px) 100vw, 208px\" \/><\/p>\n<p>Queridos amigos,<\/p>\n<p>\u00a1Saludos en el nombre de nuestro Buen Se\u00f1or!<\/p>\n<p>\u201cMi alma proclama la grandeza del Se\u00f1or\u2026\u201d (Lc 1,46) es la primera l\u00ednea del C\u00e1ntico de Mar\u00eda, el Magn\u00edficat. Este anuncio de Mar\u00eda es rezado y proclamado cada tarde en todo el mundo por el Pueblo de Dios rezando la Oraci\u00f3n Vespertina de la Iglesia (V\u00edsperas). Los invito a leer y meditar la reflexi\u00f3n sobre el Magn\u00edficat como oraci\u00f3n de acci\u00f3n de Mar\u00eda.<\/p>\n<p>La llamada de Dios a Mar\u00eda para dar a luz y dar a luz al Verbo de Dios en la carne, Jes\u00fas, el Cristo, es profunda. Cuando Dios llama, nos env\u00eda a la acci\u00f3n, proclamando el amor, la misericordia y la bondad de Dios a toda la humanidad. La oraci\u00f3n de acci\u00f3n de Mar\u00eda resuena en este bolet\u00edn en la vida de los santos y de los frailes franciscanos honrados por vivir la vida del Evangelio.<\/p>\n<p>San Francisco y San Antonio nos ejemplifican que nuestra fraternidad de hermanos acepta el desaf\u00edo de anunciar la grandeza del Se\u00f1or en la misi\u00f3n y el ministerio. Te invitamos a unirte a nosotros para hacer lo mismo.<\/p>\n<p>Que el Se\u00f1or te bendiga y te guarde; Que \u00c9l te muestre Su rostro y sea misericordioso contigo. Que \u00c9l vuelva Su rostro hacia ti y te d\u00e9 la paz. Que el Se\u00f1or te bendiga. (Bendici\u00f3n de San Francisco)<\/p>\n<p><a ref=\"magnificPopup\" href=\"https:\/\/www.franciscansusa.org\/wp-content\/uploads\/2021\/07\/father-john-signature.png\"><img loading=\"lazy\" decoding=\"async\" class=\"alignnone wp-image-12054\" src=\"https:\/\/www.franciscansusa.org\/wp-content\/uploads\/2021\/07\/father-john-signature.png\" alt=\"\" width=\"166\" height=\"54\" srcset=\"https:\/\/www.franciscansusa.org\/wp-content\/uploads\/2021\/07\/father-john-signature.png 560w, https:\/\/www.franciscansusa.org\/wp-content\/uploads\/2021\/07\/father-john-signature-300x98.png 300w, https:\/\/www.franciscansusa.org\/wp-content\/uploads\/2021\/07\/father-john-signature-18x6.png 18w, https:\/\/www.franciscansusa.org\/wp-content\/uploads\/2021\/07\/father-john-signature-150x49.png 150w\" sizes=\"auto, (max-width: 166px) 100vw, 166px\" \/><\/a><\/p>\n<p>Padre John Elmer OFM Conv.<br \/>\nDirector Espiritual<\/p>\n<\/div><\/div><\/div><\/div><\/div><\/div><\/div><\/section><section class=\"l-section wpb_row height_medium\"><div class=\"l-section-h i-cf\"><div class=\"g-cols vc_row type_default valign_top\"><div class=\"vc_col-sm-12 wpb_column vc_column_container\"><div class=\"vc_column-inner\"><div class=\"wpb_wrapper\"><div class=\"w-grid type_grid layout_12064 cols_2 overflow_hidden\" id=\"us_grid_1\" data-filterable=\"true\"><style id=\"us_grid_1_css\">#us_grid_1 .w-grid-item{padding:1.5rem}#us_grid_1 .w-grid-list{margin:-1.5rem}.w-grid + #us_grid_1 .w-grid-list{margin-top:1.5rem}@media (max-width:599px){#us_grid_1 .w-grid-list{margin:0}#us_grid_1 .w-grid-item{width:100.0000%;padding:0;margin-bottom:1.5rem}}<\/style><style>.layout_12064 .w-grid-item-h{background:var(--color-content-bg);color:var(--color-content-text);border-radius:0.3rem;z-index:3;box-shadow:0 0.03rem 0.06rem rgba(0,0,0,0.1),0 0.10rem 0.30rem rgba(0,0,0,0.1);transition-duration:0.3s}.no-touch .layout_12064 .w-grid-item-h:hover{box-shadow:0 0.10rem 0.20rem rgba(0,0,0,0.1),0 0.33rem 1.00rem rgba(0,0,0,0.15);z-index:4}.layout_12064 .usg_post_title_1{font-size:1.4rem!important;font-weight:700!important}.layout_12064 .usg_vwrapper_1{padding:9% 11% 11% 11%!important}.layout_12064 .usg_hwrapper_1{color:var(--color-content-faded)!important;font-size:0.9rem!important}@media (max-width:599px){.layout_12064 .usg_post_title_1{font-size:1.2rem!important}}<\/style><div class=\"w-grid-list\" >\t<article class=\"w-grid-item size_1x1 post-12280 post type-post status-publish format-standard has-post-thumbnail hentry category-2021-fall-newsletter-my-soul-proclaims-the-greatness-of-the-lord\" data-id=\"12280\">\r\n\t\t<div class=\"w-grid-item-h\">\r\n\t\t\t\t\t\t<div class=\"w-post-elm post_image usg_post_image_1 stretched\"><a href=\"https:\/\/www.franciscansusa.org\/es\/the-magnificat-marys-prayer-of-action\/\" aria-label=\"El Magn\u00edficat \u2013 La oraci\u00f3n de acci\u00f3n de Mar\u00eda\"><img loading=\"lazy\" decoding=\"async\" width=\"1024\" height=\"403\" src=\"https:\/\/www.franciscansusa.org\/wp-content\/uploads\/2021\/09\/my-soul-proclaims-1024x403.png\" class=\"attachment-large size-large wp-post-image\" alt=\"\" srcset=\"https:\/\/www.franciscansusa.org\/wp-content\/uploads\/2021\/09\/my-soul-proclaims-1024x403.png 1024w, https:\/\/www.franciscansusa.org\/wp-content\/uploads\/2021\/09\/my-soul-proclaims-300x118.png 300w, https:\/\/www.franciscansusa.org\/wp-content\/uploads\/2021\/09\/my-soul-proclaims-18x7.png 18w, https:\/\/www.franciscansusa.org\/wp-content\/uploads\/2021\/09\/my-soul-proclaims-150x59.png 150w, https:\/\/www.franciscansusa.org\/wp-content\/uploads\/2021\/09\/my-soul-proclaims-600x236.png 600w, https:\/\/www.franciscansusa.org\/wp-content\/uploads\/2021\/09\/my-soul-proclaims.png 1264w\" sizes=\"auto, (max-width: 1024px) 100vw, 1024px\" \/><\/a><\/div><div class=\"w-vwrapper usg_vwrapper_1 align_left valign_top\"><h2 class=\"w-post-elm post_title usg_post_title_1 entry-title color_link_inherit\"><a href=\"https:\/\/www.franciscansusa.org\/es\/the-magnificat-marys-prayer-of-action\/\">El Magn\u00edficat \u2013 La oraci\u00f3n de acci\u00f3n de Mar\u00eda<\/a><\/h2><div class=\"w-hwrapper usg_hwrapper_1 align_left valign_top wrap\"><\/div><div class=\"w-post-elm post_content usg_post_content_1\">El Magn\u00edficat: la oraci\u00f3n de acci\u00f3n de Mar\u00eda Por Sue Kurita Juez estatal de Texas y miembro del tribunal diocesano en El Paso, TX En agosto, celebramos no solo la fiesta de la Asunci\u00f3n (15 de agosto) sino tambi\u00e9n la fiesta de la Transfiguraci\u00f3n (6 de agosto) . Celebramos la fiesta de San Lorenzo\u2026<\/div><a class=\"w-btn us-btn-style_3 usg_btn_1\" href=\"https:\/\/www.franciscansusa.org\/es\/the-magnificat-marys-prayer-of-action\/\"><span class=\"w-btn-label\">Leer m\u00e1s<\/span><\/a><\/div>\t\t<\/div>\r\n\t<\/article>\r\n\t<article class=\"w-grid-item size_1x1 post-12295 post type-post status-publish format-standard has-post-thumbnail hentry category-2021-fall-newsletter-my-soul-proclaims-the-greatness-of-the-lord\" data-id=\"12295\">\r\n\t\t<div class=\"w-grid-item-h\">\r\n\t\t\t\t\t\t<div class=\"w-post-elm post_image usg_post_image_1 stretched\"><a href=\"https:\/\/www.franciscansusa.org\/es\/paying-love-forward\/\" aria-label=\"Pagando amor hacia adelante\"><img loading=\"lazy\" decoding=\"async\" width=\"1024\" height=\"440\" src=\"https:\/\/www.franciscansusa.org\/wp-content\/uploads\/2021\/09\/st-bonaventure-bloomington-MN-1024x440.jpg\" class=\"attachment-large size-large wp-post-image\" alt=\"\" srcset=\"https:\/\/www.franciscansusa.org\/wp-content\/uploads\/2021\/09\/st-bonaventure-bloomington-MN-1024x440.jpg 1024w, https:\/\/www.franciscansusa.org\/wp-content\/uploads\/2021\/09\/st-bonaventure-bloomington-MN-300x129.jpg 300w, https:\/\/www.franciscansusa.org\/wp-content\/uploads\/2021\/09\/st-bonaventure-bloomington-MN-18x8.jpg 18w, https:\/\/www.franciscansusa.org\/wp-content\/uploads\/2021\/09\/st-bonaventure-bloomington-MN-150x65.jpg 150w, https:\/\/www.franciscansusa.org\/wp-content\/uploads\/2021\/09\/st-bonaventure-bloomington-MN-600x258.jpg 600w, https:\/\/www.franciscansusa.org\/wp-content\/uploads\/2021\/09\/st-bonaventure-bloomington-MN.jpg 1200w\" sizes=\"auto, (max-width: 1024px) 100vw, 1024px\" \/><\/a><\/div><div class=\"w-vwrapper usg_vwrapper_1 align_left valign_top\"><h2 class=\"w-post-elm post_title usg_post_title_1 entry-title color_link_inherit\"><a href=\"https:\/\/www.franciscansusa.org\/es\/paying-love-forward\/\">Pagando amor hacia adelante<\/a><\/h2><div class=\"w-hwrapper usg_hwrapper_1 align_left valign_top wrap\"><\/div><div class=\"w-post-elm post_content usg_post_content_1\">Pagando amor hacia adelante Los frailes y San Buenaventura celebran su tiempo juntos Por Fray Matthew Malek OFM Conv. Decir adi\u00f3s a las personas que amamos nunca es f\u00e1cil. Eso es ciertamente cierto para los frailes, especialmente cuando la despedida significa dejar una parroquia que hemos atendido y alimentado desde 1958. Nuestra partida de San Buenaventura\u2026<\/div><a class=\"w-btn us-btn-style_3 usg_btn_1\" href=\"https:\/\/www.franciscansusa.org\/es\/paying-love-forward\/\"><span class=\"w-btn-label\">Leer m\u00e1s<\/span><\/a><\/div>\t\t<\/div>\r\n\t<\/article>\r\n\t<article class=\"w-grid-item size_1x1 post-12302 post type-post status-publish format-standard has-post-thumbnail hentry category-2021-fall-newsletter-my-soul-proclaims-the-greatness-of-the-lord tag-friar-mario-serrano\" data-id=\"12302\">\r\n\t\t<div class=\"w-grid-item-h\">\r\n\t\t\t\t\t\t<div class=\"w-post-elm post_image usg_post_image_1 stretched\"><a href=\"https:\/\/www.franciscansusa.org\/es\/trusting-the-voice-of-god\/\" aria-label=\"Confiando en la Voz de Dios\"><img loading=\"lazy\" decoding=\"async\" width=\"1024\" height=\"360\" src=\"https:\/\/www.franciscansusa.org\/wp-content\/uploads\/2021\/09\/polc-solemn-vows-ceremony-1024x360.jpg\" class=\"attachment-large size-large wp-post-image\" alt=\"\" srcset=\"https:\/\/www.franciscansusa.org\/wp-content\/uploads\/2021\/09\/polc-solemn-vows-ceremony-1024x360.jpg 1024w, https:\/\/www.franciscansusa.org\/wp-content\/uploads\/2021\/09\/polc-solemn-vows-ceremony-300x106.jpg 300w, https:\/\/www.franciscansusa.org\/wp-content\/uploads\/2021\/09\/polc-solemn-vows-ceremony-18x6.jpg 18w, https:\/\/www.franciscansusa.org\/wp-content\/uploads\/2021\/09\/polc-solemn-vows-ceremony-150x53.jpg 150w, https:\/\/www.franciscansusa.org\/wp-content\/uploads\/2021\/09\/polc-solemn-vows-ceremony-600x211.jpg 600w, https:\/\/www.franciscansusa.org\/wp-content\/uploads\/2021\/09\/polc-solemn-vows-ceremony.jpg 1200w\" sizes=\"auto, (max-width: 1024px) 100vw, 1024px\" \/><\/a><\/div><div class=\"w-vwrapper usg_vwrapper_1 align_left valign_top\"><h2 class=\"w-post-elm post_title usg_post_title_1 entry-title color_link_inherit\"><a href=\"https:\/\/www.franciscansusa.org\/es\/trusting-the-voice-of-god\/\">Confiando en la Voz de Dios<\/a><\/h2><div class=\"w-hwrapper usg_hwrapper_1 align_left valign_top wrap\"><\/div><div class=\"w-post-elm post_content usg_post_content_1\">Confiando en la Voz de Dios Por Fray Mario Serrano OFM Conv. \u00bfCu\u00e1ndo y d\u00f3nde aprendemos a confiar? Mar\u00eda, en su corta edad, confi\u00f3 profundamente en el mensaje del Arc\u00e1ngel Gabriel y permiti\u00f3 que la Palabra de Dios entrara en su seno. Ese momento cambi\u00f3 radicalmente su vida y su futuro\u2026<\/div><a class=\"w-btn us-btn-style_3 usg_btn_1\" href=\"https:\/\/www.franciscansusa.org\/es\/trusting-the-voice-of-god\/\"><span class=\"w-btn-label\">Leer m\u00e1s<\/span><\/a><\/div>\t\t<\/div>\r\n\t<\/article>\r\n\t<article class=\"w-grid-item size_1x1 post-12313 post type-post status-publish format-standard has-post-thumbnail hentry category-2021-fall-newsletter-my-soul-proclaims-the-greatness-of-the-lord tag-friar-bob-roddy\" data-id=\"12313\">\r\n\t\t<div class=\"w-grid-item-h\">\r\n\t\t\t\t\t\t<div class=\"w-post-elm post_image usg_post_image_1 stretched\"><a href=\"https:\/\/www.franciscansusa.org\/es\/meet-our-new-postulants\/\" aria-label=\"Conozca a nuestros nuevos postulantes\"><img loading=\"lazy\" decoding=\"async\" width=\"1024\" height=\"813\" src=\"https:\/\/www.franciscansusa.org\/wp-content\/uploads\/2021\/09\/postulants2-2-1024x813.jpg\" class=\"attachment-large size-large wp-post-image\" alt=\"\" srcset=\"https:\/\/www.franciscansusa.org\/wp-content\/uploads\/2021\/09\/postulants2-2-1024x813.jpg 1024w, https:\/\/www.franciscansusa.org\/wp-content\/uploads\/2021\/09\/postulants2-2-300x238.jpg 300w, https:\/\/www.franciscansusa.org\/wp-content\/uploads\/2021\/09\/postulants2-2-15x12.jpg 15w, https:\/\/www.franciscansusa.org\/wp-content\/uploads\/2021\/09\/postulants2-2-150x119.jpg 150w, https:\/\/www.franciscansusa.org\/wp-content\/uploads\/2021\/09\/postulants2-2-504x400.jpg 504w, https:\/\/www.franciscansusa.org\/wp-content\/uploads\/2021\/09\/postulants2-2-600x476.jpg 600w, https:\/\/www.franciscansusa.org\/wp-content\/uploads\/2021\/09\/postulants2-2.jpg 1076w\" sizes=\"auto, (max-width: 1024px) 100vw, 1024px\" \/><\/a><\/div><div class=\"w-vwrapper usg_vwrapper_1 align_left valign_top\"><h2 class=\"w-post-elm post_title usg_post_title_1 entry-title color_link_inherit\"><a href=\"https:\/\/www.franciscansusa.org\/es\/meet-our-new-postulants\/\">Conozca a nuestros nuevos postulantes<\/a><\/h2><div class=\"w-hwrapper usg_hwrapper_1 align_left valign_top wrap\"><\/div><div class=\"w-post-elm post_content usg_post_content_1\">Conoce a nuestros nuevos postulantes por fray Bob Roddy, OFM Conv. Cuatro hombres han escuchado y respondido a la invitaci\u00f3n de Dios de servirlo a \u00c9l y al pueblo de Dios como Frailes Franciscanos Conventuales. La Provincia de Nuestra Se\u00f1ora de la Consolaci\u00f3n tiene la bendici\u00f3n de contar con Israel Garc\u00eda Alderete (San Antonio, TX), Colden Fell (Monroe, Louisiana),\u2026<\/div><a class=\"w-btn us-btn-style_3 usg_btn_1\" href=\"https:\/\/www.franciscansusa.org\/es\/meet-our-new-postulants\/\"><span class=\"w-btn-label\">Leer m\u00e1s<\/span><\/a><\/div>\t\t<\/div>\r\n\t<\/article>\r\n\t<article class=\"w-grid-item size_1x1 post-12334 post type-post status-publish format-standard has-post-thumbnail hentry category-2021-fall-newsletter-my-soul-proclaims-the-greatness-of-the-lord tag-friar-bob-roddy\" data-id=\"12334\">\r\n\t\t<div class=\"w-grid-item-h\">\r\n\t\t\t\t\t\t<div class=\"w-post-elm post_image usg_post_image_1 stretched\"><a href=\"https:\/\/www.franciscansusa.org\/es\/celebrating-the-2021-jubilarians\/\" aria-label=\"Celebrando las Jubilarias 2021\"><img loading=\"lazy\" decoding=\"async\" width=\"321\" height=\"1024\" src=\"https:\/\/www.franciscansusa.org\/wp-content\/uploads\/2021\/09\/jubliarians-321x1024.jpg\" class=\"attachment-large size-large wp-post-image\" alt=\"\" srcset=\"https:\/\/www.franciscansusa.org\/wp-content\/uploads\/2021\/09\/jubliarians-321x1024.jpg 321w, https:\/\/www.franciscansusa.org\/wp-content\/uploads\/2021\/09\/jubliarians-94x300.jpg 94w, https:\/\/www.franciscansusa.org\/wp-content\/uploads\/2021\/09\/jubliarians-4x12.jpg 4w, https:\/\/www.franciscansusa.org\/wp-content\/uploads\/2021\/09\/jubliarians-47x150.jpg 47w, https:\/\/www.franciscansusa.org\/wp-content\/uploads\/2021\/09\/jubliarians-125x400.jpg 125w, https:\/\/www.franciscansusa.org\/wp-content\/uploads\/2021\/09\/jubliarians-188x600.jpg 188w, https:\/\/www.franciscansusa.org\/wp-content\/uploads\/2021\/09\/jubliarians.jpg 638w\" sizes=\"auto, (max-width: 321px) 100vw, 321px\" \/><\/a><\/div><div class=\"w-vwrapper usg_vwrapper_1 align_left valign_top\"><h2 class=\"w-post-elm post_title usg_post_title_1 entry-title color_link_inherit\"><a href=\"https:\/\/www.franciscansusa.org\/es\/celebrating-the-2021-jubilarians\/\">Celebrando las Jubilarias 2021<\/a><\/h2><div class=\"w-hwrapper usg_hwrapper_1 align_left valign_top wrap\"><\/div><div class=\"w-post-elm post_content usg_post_content_1\">Celebrando las Jubilarias de 2021 por fray Bob Roddy OFM Conv. Este a\u00f1o, once de nuestros frailes celebrar\u00e1n hitos significativos en sus vidas como franciscanos conventuales. 70 a\u00f1os de profesi\u00f3n: Fray Wilfred Logsdon60 a\u00f1os de profesi\u00f3n (sentido horario): Fray Eliot Comstock, Fray Tim Unser, Fray Dismas Veeneman, Fray Jim Van Dorn, 60 a\u00f1os de ordenaci\u00f3n:\u2026<\/div><a class=\"w-btn us-btn-style_3 usg_btn_1\" href=\"https:\/\/www.franciscansusa.org\/es\/celebrating-the-2021-jubilarians\/\"><span class=\"w-btn-label\">Leer m\u00e1s<\/span><\/a><\/div>\t\t<\/div>\r\n\t<\/article>\r\n\t<article class=\"w-grid-item size_1x1 post-12338 post type-post status-publish format-standard has-post-thumbnail hentry category-2021-fall-newsletter-my-soul-proclaims-the-greatness-of-the-lord\" data-id=\"12338\">\r\n\t\t<div class=\"w-grid-item-h\">\r\n\t\t\t\t\t\t<div class=\"w-post-elm post_image usg_post_image_1 stretched\"><a href=\"https:\/\/www.franciscansusa.org\/es\/assumption-at-the-basilica-national-shrine-of-our-lady-of-consolation\/\" aria-label=\"Asunci\u00f3n en la Bas\u00edlica y Santuario Nacional de Nuestra Se\u00f1ora de la Consolaci\u00f3n\"><img loading=\"lazy\" decoding=\"async\" width=\"1024\" height=\"896\" src=\"https:\/\/www.franciscansusa.org\/wp-content\/uploads\/2021\/09\/Screen-Shot-2021-09-22-at-2.24.01-PM-1024x896.png\" class=\"attachment-large size-large wp-post-image\" alt=\"\" srcset=\"https:\/\/www.franciscansusa.org\/wp-content\/uploads\/2021\/09\/Screen-Shot-2021-09-22-at-2.24.01-PM-1024x896.png 1024w, https:\/\/www.franciscansusa.org\/wp-content\/uploads\/2021\/09\/Screen-Shot-2021-09-22-at-2.24.01-PM-300x262.png 300w, https:\/\/www.franciscansusa.org\/wp-content\/uploads\/2021\/09\/Screen-Shot-2021-09-22-at-2.24.01-PM-14x12.png 14w, https:\/\/www.franciscansusa.org\/wp-content\/uploads\/2021\/09\/Screen-Shot-2021-09-22-at-2.24.01-PM-150x131.png 150w, https:\/\/www.franciscansusa.org\/wp-content\/uploads\/2021\/09\/Screen-Shot-2021-09-22-at-2.24.01-PM-457x400.png 457w, https:\/\/www.franciscansusa.org\/wp-content\/uploads\/2021\/09\/Screen-Shot-2021-09-22-at-2.24.01-PM-600x525.png 600w, https:\/\/www.franciscansusa.org\/wp-content\/uploads\/2021\/09\/Screen-Shot-2021-09-22-at-2.24.01-PM.png 1578w\" sizes=\"auto, (max-width: 1024px) 100vw, 1024px\" \/><\/a><\/div><div class=\"w-vwrapper usg_vwrapper_1 align_left valign_top\"><h2 class=\"w-post-elm post_title usg_post_title_1 entry-title color_link_inherit\"><a href=\"https:\/\/www.franciscansusa.org\/es\/assumption-at-the-basilica-national-shrine-of-our-lady-of-consolation\/\">Asunci\u00f3n en la Bas\u00edlica y Santuario Nacional de Nuestra Se\u00f1ora de la Consolaci\u00f3n<\/a><\/h2><div class=\"w-hwrapper usg_hwrapper_1 align_left valign_top wrap\"><\/div><div class=\"w-post-elm post_content usg_post_content_1\">Arriba: Durante m\u00e1s de 140 a\u00f1os, los peregrinos han viajado a Carey para orar y dar gracias. Cada vela encendida representa una intenci\u00f3n u oraci\u00f3n a Nuestra Se\u00f1ora. Izquierda: El ex p\u00e1rroco de Our Lady of Consolation, obispo John Stowe OFM Conv. Regres\u00f3 a Carey para celebrar la Asunci\u00f3n. Derecha: En la bas\u00edlica inferior reside un...<\/div><a class=\"w-btn us-btn-style_3 usg_btn_1\" href=\"https:\/\/www.franciscansusa.org\/es\/assumption-at-the-basilica-national-shrine-of-our-lady-of-consolation\/\"><span class=\"w-btn-label\">Leer m\u00e1s<\/span><\/a><\/div>\t\t<\/div>\r\n\t<\/article>\r\n\t<article class=\"w-grid-item size_1x1 post-12353 post type-post status-publish format-standard has-post-thumbnail hentry category-2021-fall-newsletter-my-soul-proclaims-the-greatness-of-the-lord\" data-id=\"12353\">\r\n\t\t<div class=\"w-grid-item-h\">\r\n\t\t\t\t\t\t<div class=\"w-post-elm post_image usg_post_image_1 stretched\"><a href=\"https:\/\/www.franciscansusa.org\/es\/ministry-spotlight-parish-ministry-bloomington-mn\/\" aria-label=\"Ministerio Destacado \u2013 Ministerio Parroquial \u2013 Bloomington, MN\"><img loading=\"lazy\" decoding=\"async\" width=\"1024\" height=\"565\" src=\"https:\/\/www.franciscansusa.org\/wp-content\/uploads\/2021\/09\/Screen-Shot-2021-09-22-at-3.48.54-PM-1024x565.png\" class=\"attachment-large size-large wp-post-image\" alt=\"\" srcset=\"https:\/\/www.franciscansusa.org\/wp-content\/uploads\/2021\/09\/Screen-Shot-2021-09-22-at-3.48.54-PM-1024x565.png 1024w, https:\/\/www.franciscansusa.org\/wp-content\/uploads\/2021\/09\/Screen-Shot-2021-09-22-at-3.48.54-PM-300x166.png 300w, https:\/\/www.franciscansusa.org\/wp-content\/uploads\/2021\/09\/Screen-Shot-2021-09-22-at-3.48.54-PM-18x10.png 18w, https:\/\/www.franciscansusa.org\/wp-content\/uploads\/2021\/09\/Screen-Shot-2021-09-22-at-3.48.54-PM-150x83.png 150w, https:\/\/www.franciscansusa.org\/wp-content\/uploads\/2021\/09\/Screen-Shot-2021-09-22-at-3.48.54-PM-600x331.png 600w, https:\/\/www.franciscansusa.org\/wp-content\/uploads\/2021\/09\/Screen-Shot-2021-09-22-at-3.48.54-PM.png 1844w\" sizes=\"auto, (max-width: 1024px) 100vw, 1024px\" \/><\/a><\/div><div class=\"w-vwrapper usg_vwrapper_1 align_left valign_top\"><h2 class=\"w-post-elm post_title usg_post_title_1 entry-title color_link_inherit\"><a href=\"https:\/\/www.franciscansusa.org\/es\/ministry-spotlight-parish-ministry-bloomington-mn\/\">Ministerio Destacado \u2013 Ministerio Parroquial \u2013 Bloomington, MN<\/a><\/h2><div class=\"w-hwrapper usg_hwrapper_1 align_left valign_top wrap\"><\/div><div class=\"w-post-elm post_content usg_post_content_1\">Arriba: p. Ambrose Finnegan, OFM Conv. en la inauguraci\u00f3n de la Parroquia de St. Bonaventure en Bloomington, MN La Iglesia de St. Bonaventure comenz\u00f3 por orden del Arzobispo William O. Brady, quien pidi\u00f3 a los Frailes Franciscanos Conventuales que organizaran una nueva parroquia en 16 acres de tierra propiedad de la Arquidi\u00f3cesis de\u2026<\/div><a class=\"w-btn us-btn-style_3 usg_btn_1\" href=\"https:\/\/www.franciscansusa.org\/es\/ministry-spotlight-parish-ministry-bloomington-mn\/\"><span class=\"w-btn-label\">Leer m\u00e1s<\/span><\/a><\/div>\t\t<\/div>\r\n\t<\/article>\r\n<\/div><div class=\"w-grid-preloader\"><div class=\"g-preloader type_1\">\r\n\t<div><\/div>\r\n<\/div>\r\n<\/div>\t<div class=\"w-grid-json hidden\" onclick='return {&quot;action&quot;:&quot;us_ajax_grid&quot;,&quot;ajax_url&quot;:&quot;https:\\\/\\\/www.franciscansusa.org\\\/wp-admin\\\/admin-ajax.php&quot;,&quot;infinite_scroll&quot;:0,&quot;max_num_pages&quot;:1,&quot;pagination&quot;:&quot;none&quot;,&quot;permalink_url&quot;:&quot;https:\\\/\\\/www.franciscansusa.org\\\/es\\\/wp-json\\\/wp\\\/v2\\\/pages\\\/12273&quot;,&quot;template_vars&quot;:{&quot;columns&quot;:&quot;2&quot;,&quot;exclude_items&quot;:&quot;none&quot;,&quot;img_size&quot;:&quot;default&quot;,&quot;ignore_items_size&quot;:false,&quot;items_layout&quot;:&quot;12064&quot;,&quot;items_offset&quot;:&quot;1&quot;,&quot;load_animation&quot;:&quot;none&quot;,&quot;overriding_link&quot;:&quot;none&quot;,&quot;post_id&quot;:12273,&quot;query_args&quot;:{&quot;post_type&quot;:[&quot;post&quot;],&quot;tax_query&quot;:[{&quot;taxonomy&quot;:&quot;category&quot;,&quot;field&quot;:&quot;slug&quot;,&quot;terms&quot;:[&quot;2021-fall-newsletter-my-soul-proclaims-the-greatness-of-the-lord&quot;]}],&quot;post_status&quot;:[&quot;publish&quot;],&quot;posts_per_page&quot;:&quot;10&quot;},&quot;orderby_query_args&quot;:{&quot;orderby&quot;:{&quot;date&quot;:&quot;ASC&quot;}},&quot;type&quot;:&quot;grid&quot;,&quot;us_grid_ajax_index&quot;:1,&quot;us_grid_filter_params&quot;:null,&quot;us_grid_index&quot;:1,&quot;_us_grid_post_type&quot;:&quot;post&quot;}}'><\/div>\r\n\t<\/div><\/div><\/div><\/div><\/div><\/div><\/section>\n<\/div>","protected":false},"excerpt":{"rendered":"Arriba: P. Ambrose Finnegan, OFM Conv. en la inauguraci\u00f3n de la Parroquia de San Buenaventura en Bloomington, MN La Iglesia de San Buenaventura comenz\u00f3 por orden del Arzobispo William O. Brady, quien pidi\u00f3 a los Frailes Franciscanos Conventuales que organizaran una nueva parroquia en 16 acres de terreno propiedad de la Arquidi\u00f3cesis. de San Pablo y...","protected":false},"author":1,"featured_media":0,"parent":0,"menu_order":0,"comment_status":"closed","ping_status":"closed","template":"","meta":{"om_disable_all_campaigns":false,"_monsterinsights_skip_tracking":false,"_monsterinsights_sitenote_active":false,"_monsterinsights_sitenote_note":"","_monsterinsights_sitenote_category":0,"_uf_show_specific_survey":0,"_uf_disable_surveys":false,"footnotes":""},"class_list":["post-12273","page","type-page","status-publish","hentry"],"aioseo_notices":[],"publishpress_future_action":{"enabled":false,"date":"2026-05-07 03:44:58","action":"change-status","newStatus":"draft","terms":[],"taxonomy":"","extraData":[]},"publishpress_future_workflow_manual_trigger":{"enabledWorkflows":[]},"_links":{"self":[{"href":"https:\/\/www.franciscansusa.org\/es\/wp-json\/wp\/v2\/pages\/12273","targetHints":{"allow":["GET"]}}],"collection":[{"href":"https:\/\/www.franciscansusa.org\/es\/wp-json\/wp\/v2\/pages"}],"about":[{"href":"https:\/\/www.franciscansusa.org\/es\/wp-json\/wp\/v2\/types\/page"}],"author":[{"embeddable":true,"href":"https:\/\/www.franciscansusa.org\/es\/wp-json\/wp\/v2\/users\/1"}],"replies":[{"embeddable":true,"href":"https:\/\/www.franciscansusa.org\/es\/wp-json\/wp\/v2\/comments?post=12273"}],"version-history":[{"count":5,"href":"https:\/\/www.franciscansusa.org\/es\/wp-json\/wp\/v2\/pages\/12273\/revisions"}],"predecessor-version":[{"id":12294,"href":"https:\/\/www.franciscansusa.org\/es\/wp-json\/wp\/v2\/pages\/12273\/revisions\/12294"}],"wp:attachment":[{"href":"https:\/\/www.franciscansusa.org\/es\/wp-json\/wp\/v2\/media?parent=12273"}],"curies":[{"name":"gracias","href":"https:\/\/api.w.org\/{rel}","templated":true}]}}