{"id":16622,"date":"2023-09-20T16:39:03","date_gmt":"2023-09-20T20:39:03","guid":{"rendered":"https:\/\/www.franciscansusa.org\/?page_id=16622"},"modified":"2023-12-12T13:44:05","modified_gmt":"2023-12-12T18:44:05","slug":"greccio-800","status":"publish","type":"page","link":"https:\/\/www.franciscansusa.org\/es\/greccio-800\/","title":{"rendered":"Greccio 800"},"content":{"rendered":"<div class=\"wpb-content-wrapper\"><section class=\"l-section wpb_row height_huge with_img with_overlay\"><div class=\"l-section-img\" style=\"background-image: url(https:\/\/www.franciscansusa.org\/wp-content\/uploads\/2023\/10\/Nativity-at-Assisi-scaled.jpg);\" data-img-width=\"2560\" data-img-height=\"1706\"><\/div><div class=\"l-section-overlay\" style=\"background: rgba(0,0,0,0.6)\"><\/div><div class=\"l-section-h i-cf\"><div class=\"g-cols vc_row type_default valign_top\"><div class=\"vc_col-sm-12 wpb_column vc_column_container\"><div class=\"vc_column-inner\"><div class=\"wpb_wrapper\"><div class=\"wpb_text_column\" ><div class=\"wpb_wrapper\"><h2><span style=\"color: #ffffff;\"><strong>Greccio 800<\/strong><\/span><\/h2>\n<\/div><\/div><\/div><\/div><\/div><\/div><\/div><\/section><section class=\"l-section wpb_row us_custom_8535c5f4 height_medium\"><div class=\"l-section-h i-cf\"><div class=\"g-cols vc_row type_default valign_top\"><div class=\"vc_col-sm-8 wpb_column vc_column_container\"><div class=\"vc_column-inner\"><div class=\"wpb_wrapper\"><div class=\"wpb_text_column\" ><div class=\"wpb_wrapper\"><div class=\"flex flex-grow flex-col gap-3 max-w-full\">\n<div class=\"min-h-&#091;20px&#093; flex flex-col items-start gap-3 whitespace-pre-wrap break-words overflow-x-auto\">\n<div class=\"markdown prose w-full break-words dark:prose-invert light\">\n<h4><strong>Celebrando los 800 a\u00f1os de Greccio: un viaje de belenes alrededor del mundo<\/strong><\/h4>\n<p>Hace ochocientos a\u00f1os, San Francisco de As\u00eds obtuvo el permiso del obispo local de Rieti para hacer algo que no se hab\u00eda permitido durante d\u00e9cadas: una recreaci\u00f3n de la Natividad para el pueblo de Greccio, en el valle de Rieti en Italia. (Las recreaciones de este tipo hab\u00edan sido prohibidas porque los pueblos y ciudades llegaban a extremos escandalosos para superarse unos a otros en sus &#039;producciones&#039;.) San Francisco a menudo se quedaba en Greccio cuando viajaba y se sent\u00eda abrumado por el amor y el cuidado de la gente por \u00e9l. En la Navidad de 1223, San Francisco recre\u00f3 la Natividad en el contexto de la liturgia navide\u00f1a y un \u201chombre virtuoso\u201d relat\u00f3 una visi\u00f3n maravillosa:<\/p>\n<p><strong><em>All\u00ed los dones del Todopoderoso se multiplican y el hombre virtuoso ve una visi\u00f3n maravillosa. Porque el hombre vio a un ni\u00f1o yaciendo sin vida en el pesebre y vio al santo var\u00f3n de Dios acercarse al ni\u00f1o y despertarlo de un sue\u00f1o profundo. Esta visi\u00f3n tampoco es inadecuada, ya que en el coraz\u00f3n de muchos el ni\u00f1o Jes\u00fas ha sido entregado al olvido. (Sal 31:13) Ahora \u00c9l es despertado e impreso en su amorosa memoria por Su propia gracia a trav\u00e9s de Su santo siervo Francisco. <\/em><br \/>\n-(Cap\u00edtulo XXX de la Primera Vida de San Francisco de Celano)<\/strong><\/p>\n<p>Para los vecinos de Greccio, tener animales en su casa no habr\u00eda sido algo inusual. Algunos dicen que San Francisco recre\u00f3 la Natividad de esta manera para recordar a los residentes de Greccio que nuestro Se\u00f1or y Salvador eligi\u00f3 no nacer en un palacio o en la casa de una persona rica, sino en circunstancias similares a las suyas. Quer\u00eda que estas personas a quienes amaba conocieran su dignidad y su lugar especial en el coraz\u00f3n de Dios.<\/p>\n<p>Al conmemorar el 800.\u00ba aniversario de este maravilloso evento en Greccio, nos embarcamos en un viaje global, explorando las innumerables formas en que las culturas de todo el mundo han adoptado y adaptado esta querida tradici\u00f3n. Desde lo ornamentado hasta lo simplista, desde las bulliciosas plazas de las ciudades hasta las serenas capillas rurales, \u00fanete a nosotros para maravillarte ante el esp\u00edritu universal de la Natividad y su testimonio de fe, esperanza y unidad a trav\u00e9s de continentes y generaciones.<\/p>\n<\/div>\n<\/div>\n<\/div>\n<\/div><\/div><\/div><\/div><\/div><div class=\"vc_col-sm-4 wpb_column vc_column_container\"><div class=\"vc_column-inner\"><div class=\"wpb_wrapper\"><div class=\"w-image align_center\"><div class=\"w-image-h\"><img loading=\"lazy\" decoding=\"async\" width=\"150\" height=\"134\" src=\"https:\/\/www.franciscansusa.org\/wp-content\/uploads\/2023\/11\/Screenshot-2023-11-02-at-10.39.35-AM-150x134.png\" class=\"attachment-us_150_150 size-us_150_150\" alt=\"\" srcset=\"https:\/\/www.franciscansusa.org\/wp-content\/uploads\/2023\/11\/Screenshot-2023-11-02-at-10.39.35-AM-150x134.png 150w, https:\/\/www.franciscansusa.org\/wp-content\/uploads\/2023\/11\/Screenshot-2023-11-02-at-10.39.35-AM-300x269.png 300w, https:\/\/www.franciscansusa.org\/wp-content\/uploads\/2023\/11\/Screenshot-2023-11-02-at-10.39.35-AM-13x12.png 13w, https:\/\/www.franciscansusa.org\/wp-content\/uploads\/2023\/11\/Screenshot-2023-11-02-at-10.39.35-AM-447x400.png 447w, https:\/\/www.franciscansusa.org\/wp-content\/uploads\/2023\/11\/Screenshot-2023-11-02-at-10.39.35-AM.png 576w\" sizes=\"auto, (max-width: 150px) 100vw, 150px\" \/><\/div><\/div><div class=\"wpb_text_column\" ><div class=\"wpb_wrapper\"><h4 style=\"text-align: center;\"><strong>\u00a1Cel\u00e9bralo con nosotros!<\/strong><\/h4>\n<p>Comparte tu natividad con nosotros. \u00a1Env\u00ede por correo electr\u00f3nico una foto y una descripci\u00f3n de su bel\u00e9n o de un bel\u00e9n que sea importante para usted!<\/p>\n<\/div><\/div><div class=\"w-separator size_small\"><\/div><div class=\"w-btn-wrapper width_auto align_center\"><a class=\"w-btn us-btn-style_3\" href=\"mailto:b.dearinger@franciscansusa.org\"><span class=\"w-btn-label\">Mu\u00e9stranos tu Natividad<\/span><\/a><\/div><div class=\"w-separator size_small\"><\/div><div class=\"g-cols wpb_row  us_custom_ec4a5829 type_default valign_top vc_inner\"><div class=\"vc_col-sm-12 wpb_column vc_column_container\"><div class=\"vc_column-inner\"><div class=\"wpb_wrapper\"><div class=\"wpb_text_column\" ><div class=\"wpb_wrapper\"><p style=\"text-align: center;\">Esto se hizo<br \/>\nde modo que donde antes los animales com\u00edan el forraje del heno, (Dn 5:21)<br \/>\nhay humanos de ahora en adelante<br \/>\npara la curaci\u00f3n del cuerpo y del alma<br \/>\ncomer\u00eda la carne<br \/>\ndel cordero inmaculado y sin mancha,<br \/>\nnuestro Se\u00f1or Jesucristo,<br \/>\nquien se entreg\u00f3 por nosotros (Ti 2:14)<br \/>\ncon amor supremo e indescriptible,<br \/>\nque vive y gobierna con el Padre y el Esp\u00edritu Santo como Dios,<br \/>\neternamente glorioso por los siglos de los siglos.<\/p>\n<p style=\"text-align: center;\">Am\u00e9n. Aleluya, Aleluya.<\/p>\n<\/div><\/div><\/div><\/div><\/div><\/div><\/div><\/div><\/div><\/div><\/div><\/section><section class=\"l-section wpb_row us_custom_8535c5f4 height_medium\"><div class=\"l-section-h i-cf\"><div class=\"g-cols vc_row type_default valign_top\"><div class=\"vc_col-sm-12 wpb_column vc_column_container\"><div class=\"vc_column-inner\"><div class=\"wpb_wrapper\"><div class=\"wpb_text_column\" ><div class=\"wpb_wrapper\"><h4><strong>Explora Nativitas de toda la provincia y del mundo<\/strong><\/h4>\n<p>Haga clic en la imagen para obtener m\u00e1s informaci\u00f3n sobre la Natividad que se muestra en la imagen.<\/p>\n<\/div><\/div><div class=\"w-separator size_small\"><\/div><\/div><\/div><\/div><div class=\"vc_col-sm-4 wpb_column vc_column_container\"><div class=\"vc_column-inner\"><div class=\"wpb_wrapper\"><div class=\"w-popup align_center\"><a class=\"w-popup-trigger type_image\" aria-label=\"Surgir\" href=\"javascript:void(0)\"><img loading=\"lazy\" decoding=\"async\" width=\"600\" height=\"400\" src=\"https:\/\/www.franciscansusa.org\/wp-content\/uploads\/2023\/10\/OLMC-El-paso-002-600x400.jpg\" class=\"attachment-us_600_400_crop size-us_600_400_crop\" alt=\"\" \/><\/a><div class=\"w-popup-overlay\" style=\"background:rgba(0,0,0,0.85);\"><\/div><div class=\"w-popup-wrap\"><div class=\"w-popup-box animation_fadeIn without_title\" style=\"width:600px;\"><div class=\"w-popup-box-h\"><div class=\"w-popup-box-content\" style=\"padding:5%;background:var(--color-content-bg);color:var(--color-content-text);\"><div class=\"flex flex-grow flex-col gap-3 max-w-full\">\n<div class=\"min-h-&#091;20px&#093; flex flex-col items-start gap-3 whitespace-pre-wrap break-words overflow-x-auto\">\n<div class=\"markdown prose w-full break-words dark:prose-invert light\">\n<h4><img loading=\"lazy\" decoding=\"async\" class=\"alignnone wp-image-16763\" src=\"https:\/\/www.franciscansusa.org\/wp-content\/uploads\/2023\/10\/OLMC-El-paso-002-600x400.jpg\" alt=\"\" width=\"965\" height=\"643\" \/><\/h4>\n<h4>Natividad en la Parroquia Nuestra Se\u00f1ora del Monte Carmelo \u2013 El Paso, Texas<\/h4>\n<p>La Iglesia de Nuestra Se\u00f1ora del Monte Carmelo en El Paso, Texas, es famosa por su cautivador bel\u00e9n durante la festiva temporada navide\u00f1a. Como reflejo de la profunda dedicaci\u00f3n y pasi\u00f3n de la comunidad, los voluntarios trabajan diligentemente durante todo el a\u00f1o, asegur\u00e1ndose de que la iglesia est\u00e9 bellamente adornada para conmemorar diversas ocasiones. Sin embargo, sus esfuerzos durante la Navidad se destacan claramente. La exhibici\u00f3n del nacimiento no es solo una representaci\u00f3n art\u00edstica del nacimiento de Jes\u00fas, sino tambi\u00e9n un testimonio de la unidad, el compromiso y el amor de la comunidad parroquial. Las figuras meticulosamente elaboradas, los intrincados fondos y las luces iluminadoras se combinan armoniosamente, transformando la iglesia en un faro de esperanza y celebraci\u00f3n. A trav\u00e9s de este esfuerzo, los voluntarios de Nuestra Se\u00f1ora del Monte Carmelo no s\u00f3lo mejoran la est\u00e9tica del espacio sagrado sino que tambi\u00e9n lo imbuyen de un esp\u00edritu de reverencia, recordando a todos los visitantes la verdadera esencia de la temporada navide\u00f1a.<\/p>\n<\/div>\n<\/div>\n<\/div>\n<\/div><\/div><\/div><div class=\"w-popup-closer\" style=\"background:var(--color-content-bg);color:var(--color-content-text);\"><\/div><\/div><\/div><div class=\"w-separator size_small\"><\/div><div class=\"wpb_text_column\" ><div class=\"wpb_wrapper\"><h4 style=\"text-align: left;\"><strong>Natividad en la Parroquia Nuestra Se\u00f1ora del Monte Carmelo \u2013 El Paso, Texas<\/strong><\/h4>\n<\/div><\/div><\/div><\/div><\/div><div class=\"vc_col-sm-4 wpb_column vc_column_container\"><div class=\"vc_column-inner\"><div class=\"wpb_wrapper\"><div class=\"w-popup align_center\"><a class=\"w-popup-trigger type_image\" aria-label=\"Surgir\" href=\"javascript:void(0)\"><img loading=\"lazy\" decoding=\"async\" width=\"600\" height=\"400\" src=\"https:\/\/www.franciscansusa.org\/wp-content\/uploads\/2023\/11\/zambian-nativity-creche-1-600x400.jpg\" class=\"attachment-us_600_400_crop size-us_600_400_crop\" alt=\"\" srcset=\"https:\/\/www.franciscansusa.org\/wp-content\/uploads\/2023\/11\/zambian-nativity-creche-1-600x400.jpg 600w, https:\/\/www.franciscansusa.org\/wp-content\/uploads\/2023\/11\/zambian-nativity-creche-1-16x12.jpg 16w\" sizes=\"auto, (max-width: 600px) 100vw, 600px\" \/><\/a><div class=\"w-popup-overlay\" style=\"background:rgba(0,0,0,0.85);\"><\/div><div class=\"w-popup-wrap\"><div class=\"w-popup-box animation_fadeIn without_title\" style=\"width:600px;\"><div class=\"w-popup-box-h\"><div class=\"w-popup-box-content\" style=\"padding:5%;background:var(--color-content-bg);color:var(--color-content-text);\"><div class=\"flex flex-grow flex-col gap-3 max-w-full\">\n<div class=\"min-h-&#091;20px&#093; flex flex-col items-start gap-3 whitespace-pre-wrap break-words overflow-x-auto\">\n<div class=\"markdown prose w-full break-words dark:prose-invert light\">\n<h4><img loading=\"lazy\" decoding=\"async\" class=\"alignnone wp-image-16962 size-us_600_400_crop\" src=\"https:\/\/www.franciscansusa.org\/wp-content\/uploads\/2023\/11\/zambian-nativity-creche-600x400.jpg\" alt=\"\" width=\"600\" height=\"400\" srcset=\"https:\/\/www.franciscansusa.org\/wp-content\/uploads\/2023\/11\/zambian-nativity-creche-600x400.jpg 600w, https:\/\/www.franciscansusa.org\/wp-content\/uploads\/2023\/11\/zambian-nativity-creche-16x12.jpg 16w\" sizes=\"auto, (max-width: 600px) 100vw, 600px\" \/><\/h4>\n<h4>Natividad hecha a mano con hojas de pl\u00e1tano\/ca\u00f1as de Zambia \u2013 Zambia, \u00c1frica<\/h4>\n<div class=\"flex flex-grow flex-col gap-3 max-w-full\">\n<div class=\"min-h-&#091;20px&#093; flex flex-col items-start gap-3 whitespace-pre-wrap break-words overflow-x-auto\" data-message-author-role=\"assistant\" data-message-id=\"a4a3c10d-acf5-4bc1-b1ed-77b403917870\">\n<div class=\"markdown prose w-full break-words dark:prose-invert light\">\n<p>En la calidez de una Navidad en Zambia, uno puede encontrar un bel\u00e9n como ning\u00fan otro: un cuadro elaborado con hojas de pl\u00e1tano robustas y vers\u00e1tiles y juncos delgados y flexibles que crecen abundantemente en la regi\u00f3n. Esta representaci\u00f3n de la Sagrada Familia abraza la esencia del arte de Zambia, entrelazando la flora local en una representaci\u00f3n de una historia conocida en todo el mundo. Cada figura, desde los reverentes pastores hasta los majestuosos Reyes Magos, est\u00e1 elaborada de forma intrincada con estos materiales, mostrando una mezcla distintiva de fe e identidad cultural.<\/p>\n<p>Este bel\u00e9n \u00fanico es emblem\u00e1tico de la misi\u00f3n y el esp\u00edritu de los Frailes Franciscanos Conventuales de la Provincia de Nuestra Se\u00f1ora de la Consolaci\u00f3n, quienes han nutrido las semillas de la fe en Zambia desde la d\u00e9cada de 1950. Con la llegada de Fray Tony Droll en 1965, sus esfuerzos se expandieron significativamente. La misi\u00f3n de los frailes abarca no s\u00f3lo la atenci\u00f3n espiritual a trav\u00e9s del seminario, el convento y la iglesia, sino que tambi\u00e9n aborda las necesidades educativas y de salud a trav\u00e9s de escuelas parroquiales y una cl\u00ednica de salud. En estos esfuerzos, los frailes han entrelazado su misi\u00f3n con los hilos de la vida de Zambia, creando un tapiz rico en espiritualidad y apoyo comunitario. Las hojas de pl\u00e1tano y el bel\u00e9n de ca\u00f1a son un s\u00edmbolo cultural de esta mezcla armoniosa, donde se vive y celebra la fe dentro del vibrante contexto de la tradici\u00f3n de Zambia.<\/p>\n<\/div>\n<\/div>\n<\/div>\n<\/div>\n<\/div>\n<\/div>\n<\/div><\/div><\/div><div class=\"w-popup-closer\" style=\"background:var(--color-content-bg);color:var(--color-content-text);\"><\/div><\/div><\/div><div class=\"w-separator size_small\"><\/div><div class=\"wpb_text_column\" ><div class=\"wpb_wrapper\"><h4 style=\"text-align: left;\"><strong>Natividad hecha a mano con hojas de pl\u00e1tano\/ca\u00f1as de Zambia \u2013 Zambia, \u00c1frica<\/strong><\/h4>\n<\/div><\/div><\/div><\/div><\/div><div class=\"vc_col-sm-4 wpb_column vc_column_container\"><div class=\"vc_column-inner\"><div class=\"wpb_wrapper\"><div class=\"w-popup align_center\"><a class=\"w-popup-trigger type_image\" aria-label=\"Surgir\" href=\"javascript:void(0)\"><img loading=\"lazy\" decoding=\"async\" width=\"600\" height=\"400\" src=\"https:\/\/www.franciscansusa.org\/wp-content\/uploads\/2023\/11\/lenca-honuran-nativity-600x400.jpg\" class=\"attachment-us_600_400_crop size-us_600_400_crop\" alt=\"\" srcset=\"https:\/\/www.franciscansusa.org\/wp-content\/uploads\/2023\/11\/lenca-honuran-nativity-600x400.jpg 600w, https:\/\/www.franciscansusa.org\/wp-content\/uploads\/2023\/11\/lenca-honuran-nativity-16x12.jpg 16w\" sizes=\"auto, (max-width: 600px) 100vw, 600px\" \/><\/a><div class=\"w-popup-overlay\" style=\"background:rgba(0,0,0,0.85);\"><\/div><div class=\"w-popup-wrap\"><div class=\"w-popup-box animation_fadeIn without_title\" style=\"width:600px;\"><div class=\"w-popup-box-h\"><div class=\"w-popup-box-content\" style=\"padding:5%;background:var(--color-content-bg);color:var(--color-content-text);\"><div class=\"flex flex-grow flex-col gap-3 max-w-full\">\n<div class=\"min-h-&#091;20px&#093; flex flex-col items-start gap-3 whitespace-pre-wrap break-words overflow-x-auto\">\n<div class=\"markdown prose w-full break-words dark:prose-invert light\">\n<h4><img loading=\"lazy\" decoding=\"async\" class=\"wp-image-16961 aligncenter\" src=\"https:\/\/www.franciscansusa.org\/wp-content\/uploads\/2023\/11\/lenca-honuran-nativity-600x400.jpg\" alt=\"\" width=\"707\" height=\"471\" srcset=\"https:\/\/www.franciscansusa.org\/wp-content\/uploads\/2023\/11\/lenca-honuran-nativity-600x400.jpg 600w, https:\/\/www.franciscansusa.org\/wp-content\/uploads\/2023\/11\/lenca-honuran-nativity-16x12.jpg 16w\" sizes=\"auto, (max-width: 707px) 100vw, 707px\" \/><\/h4>\n<h4><strong>Bel\u00e9n tradicional de cer\u00e1mica lenca hondure\u00f1a<\/strong><\/h4>\n<div class=\"flex flex-grow flex-col gap-3 max-w-full\">\n<div class=\"min-h-&#091;20px&#093; flex flex-col items-start gap-3 whitespace-pre-wrap break-words overflow-x-auto\" data-message-author-role=\"assistant\" data-message-id=\"f5450d7c-3895-43b7-a0d8-7705b38ef33d\">\n<div class=\"markdown prose w-full break-words dark:prose-invert light\">\n<p>Ubicado encima de una bolsa de caf\u00e9 r\u00fastica, el Bel\u00e9n Lenca hondure\u00f1o hecho a mano irradia una profunda conexi\u00f3n entre fe y cultura, una hermosa fusi\u00f3n donde la simplicidad del pesebre se encuentra con la complejidad de la colaboraci\u00f3n humana. Este conjunto, cuidadosamente elaborado por el pueblo ind\u00edgena Lenca, es un recordatorio de lo sagrado, una porci\u00f3n tangible de tradici\u00f3n que refleja los v\u00ednculos m\u00e1s profundos entre los Frailes Franciscanos Conventuales de la Provincia de Nuestra Se\u00f1ora de la Consolaci\u00f3n y las comunidades a las que sirven en Centroam\u00e9rica. custodios. Los frailes, firmes en su servicio, extienden su ministerio a trav\u00e9s de los zarcillos de Gubbio Grounds, un caf\u00e9 que es m\u00e1s que una bebida: es un puente.<\/p>\n<p>Gubbio Grounds, procedente de los exuberantes paisajes de Honduras, lleva consigo el esp\u00edritu de la Custodia Franciscana Conventual de Mar\u00eda, Madre de la Misericordia. Este caf\u00e9, cultivado por las manos de frailes dedicados, es una oda a su compromiso con las comunidades repartidas por Costa Rica, Guatemala y Honduras. Con cada sorbo, no s\u00f3lo est\u00e1s despertando a un rico sabor sino tambi\u00e9n al trabajo de amor y la misi\u00f3n de estos frailes. Su trabajo en el campo trasciende la mera agricultura y se convierte en una encarnaci\u00f3n de unidad y apoyo: una copa compartida de camarader\u00eda.<\/p>\n<p>Los beneficios de esta arom\u00e1tica tradici\u00f3n, este Gubbio Grounds, se canalizan directamente hacia los nobles ministerios de los frailes, defendiendo la educaci\u00f3n y formaci\u00f3n de sus hermanos centroamericanos. El viaje del caf\u00e9 desde los f\u00e9rtiles campos de Tegucigalpa hasta los corazones de los habitantes de la Provincia de Nuestra Se\u00f1ora de la Consolaci\u00f3n es un reflejo moderno de la antigua tradici\u00f3n de servicio que los Franciscanos Conventuales han sostenido desde 1946.<\/p>\n<p>El conjunto de la Natividad, producto de manos ind\u00edgenas, y el caf\u00e9, producto de corazones franciscanos, son testimonios de la leyenda de San Francisco y el Lobo de Gubbio: transformar el miedo en comprensi\u00f3n, los extra\u00f1os en comunidad y un simple frijol. en una taza de solidaridad. As\u00ed como la Natividad representa el nacimiento de la esperanza, Gubbio Grounds simboliza el florecimiento del apoyo, asegurando la continuaci\u00f3n de la obra divina de los frailes, una copa, una misi\u00f3n, una comunidad a la vez.<\/p>\n<\/div>\n<\/div>\n<\/div>\n<\/div>\n<\/div>\n<\/div>\n<\/div><\/div><\/div><div class=\"w-popup-closer\" style=\"background:var(--color-content-bg);color:var(--color-content-text);\"><\/div><\/div><\/div><div class=\"w-separator size_small\"><\/div><div class=\"wpb_text_column\" ><div class=\"wpb_wrapper\"><h4><strong>Bel\u00e9n tradicional de cer\u00e1mica lenca hondure\u00f1a<\/strong><\/h4>\n<\/div><\/div><\/div><\/div><\/div><\/div><\/div><\/section><section class=\"l-section wpb_row us_custom_8535c5f4 height_medium\"><div class=\"l-section-h i-cf\"><div class=\"g-cols vc_row type_default valign_top\"><div class=\"vc_col-sm-4 wpb_column vc_column_container\"><div class=\"vc_column-inner\"><div class=\"wpb_wrapper\"><div class=\"w-popup align_center\"><a class=\"w-popup-trigger type_image\" aria-label=\"Surgir\" href=\"javascript:void(0)\"><img loading=\"lazy\" decoding=\"async\" width=\"600\" height=\"380\" src=\"https:\/\/www.franciscansusa.org\/wp-content\/uploads\/2023\/10\/MSF-NAtivity.jpg\" class=\"attachment-us_600_400_crop size-us_600_400_crop\" alt=\"\" srcset=\"https:\/\/www.franciscansusa.org\/wp-content\/uploads\/2023\/10\/MSF-NAtivity.jpg 600w, https:\/\/www.franciscansusa.org\/wp-content\/uploads\/2023\/10\/MSF-NAtivity-300x190.jpg 300w, https:\/\/www.franciscansusa.org\/wp-content\/uploads\/2023\/10\/MSF-NAtivity-18x12.jpg 18w, https:\/\/www.franciscansusa.org\/wp-content\/uploads\/2023\/10\/MSF-NAtivity-150x95.jpg 150w\" sizes=\"auto, (max-width: 600px) 100vw, 600px\" \/><\/a><div class=\"w-popup-overlay\" style=\"background:rgba(0,0,0,0.85);\"><\/div><div class=\"w-popup-wrap\"><div class=\"w-popup-box animation_fadeIn without_title\" style=\"width:600px;\"><div class=\"w-popup-box-h\"><div class=\"w-popup-box-content\" style=\"padding:5%;background:var(--color-content-bg);color:var(--color-content-text);\"><div class=\"flex flex-grow flex-col gap-3 max-w-full\">\n<div class=\"min-h-&#091;20px&#093; flex flex-col items-start gap-3 whitespace-pre-wrap break-words overflow-x-auto\">\n<div class=\"markdown prose w-full break-words dark:prose-invert light\">\n<h4><img loading=\"lazy\" decoding=\"async\" class=\"wp-image-16921 aligncenter\" src=\"https:\/\/www.franciscansusa.org\/wp-content\/uploads\/2023\/10\/MSF-NAtivity.jpg\" alt=\"\" width=\"1067\" height=\"676\" srcset=\"https:\/\/www.franciscansusa.org\/wp-content\/uploads\/2023\/10\/MSF-NAtivity.jpg 600w, https:\/\/www.franciscansusa.org\/wp-content\/uploads\/2023\/10\/MSF-NAtivity-300x190.jpg 300w, https:\/\/www.franciscansusa.org\/wp-content\/uploads\/2023\/10\/MSF-NAtivity-18x12.jpg 18w, https:\/\/www.franciscansusa.org\/wp-content\/uploads\/2023\/10\/MSF-NAtivity-150x95.jpg 150w\" sizes=\"auto, (max-width: 1067px) 100vw, 1067px\" \/><\/h4>\n<h4>Natividad en el Monte San Francisco \u2013 Centro de Espiritualidad \u2013 Monte San Francisco, Indiana<\/h4>\n<p>El Mount Saint Francis \u2013 Centro para la Espiritualidad en Mount Saint Francis, Indiana, exhibe con orgullo un bel\u00e9n de tama\u00f1o natural, que sirve como pieza central de reflexi\u00f3n e inspiraci\u00f3n espiritual para todos los que lo visitan. Ubicada dentro del centro de retiros, esta exhibici\u00f3n ofrece a los participantes una conexi\u00f3n tangible con el nacimiento de Jesucristo. Desde la Sagrada Familia hasta los pastores y los Reyes Magos, cada figura es un testimonio de la historia eterna que representan. Este bel\u00e9n es m\u00e1s que una simple decoraci\u00f3n festiva; simboliza el compromiso del Centro de fomentar el crecimiento espiritual y la reflexi\u00f3n, invitando a todos los visitantes a hacer una pausa y contemplar el profundo misterio de la Encarnaci\u00f3n.<\/p>\n<\/div>\n<\/div>\n<\/div>\n<\/div><\/div><\/div><div class=\"w-popup-closer\" style=\"background:var(--color-content-bg);color:var(--color-content-text);\"><\/div><\/div><\/div><div class=\"w-separator size_small\"><\/div><div class=\"wpb_text_column\" ><div class=\"wpb_wrapper\"><h4><strong>Natividad en el Monte San Francisco \u2013 Centro de Espiritualidad \u2013 Monte San Francisco, Indiana\u00a0<\/strong><\/h4>\n<\/div><\/div><\/div><\/div><\/div><div class=\"vc_col-sm-4 wpb_column vc_column_container\"><div class=\"vc_column-inner\"><div class=\"wpb_wrapper\"><div class=\"w-popup align_center\"><a class=\"w-popup-trigger type_image\" aria-label=\"Surgir\" href=\"javascript:void(0)\"><img loading=\"lazy\" decoding=\"async\" width=\"600\" height=\"400\" src=\"https:\/\/www.franciscansusa.org\/wp-content\/uploads\/2023\/10\/barcelona-nativity-600x400.jpg\" class=\"attachment-us_600_400_crop size-us_600_400_crop\" alt=\"\" srcset=\"https:\/\/www.franciscansusa.org\/wp-content\/uploads\/2023\/10\/barcelona-nativity-600x400.jpg 600w, https:\/\/www.franciscansusa.org\/wp-content\/uploads\/2023\/10\/barcelona-nativity-16x12.jpg 16w\" sizes=\"auto, (max-width: 600px) 100vw, 600px\" \/><\/a><div class=\"w-popup-overlay\" style=\"background:rgba(0,0,0,0.85);\"><\/div><div class=\"w-popup-wrap\"><div class=\"w-popup-box animation_fadeIn without_title\" style=\"width:600px;\"><div class=\"w-popup-box-h\"><div class=\"w-popup-box-content\" style=\"padding:5%;background:var(--color-content-bg);color:var(--color-content-text);\"><div class=\"flex flex-grow flex-col gap-3 max-w-full\">\n<div class=\"min-h-&#091;20px&#093; flex flex-col items-start gap-3 whitespace-pre-wrap break-words overflow-x-auto\">\n<div class=\"markdown prose w-full break-words dark:prose-invert light\">\n<h4><img loading=\"lazy\" decoding=\"async\" class=\"wp-image-16922 aligncenter\" src=\"https:\/\/www.franciscansusa.org\/wp-content\/uploads\/2023\/10\/barcelona-nativity-600x400.jpg\" alt=\"\" width=\"884\" height=\"589\" srcset=\"https:\/\/www.franciscansusa.org\/wp-content\/uploads\/2023\/10\/barcelona-nativity-600x400.jpg 600w, https:\/\/www.franciscansusa.org\/wp-content\/uploads\/2023\/10\/barcelona-nativity-16x12.jpg 16w\" sizes=\"auto, (max-width: 884px) 100vw, 884px\" \/><\/h4>\n<h4><strong>Plaza de Santiago \u2013 Barcelona, Espa\u00f1a<\/strong><\/h4>\n<p>La Pla\u00e7a de Sant Jaume (pronunciaci\u00f3n catalana: [\u02c8plas\u0259 \u02c8sa\u0272 \u02c8\u0292awm\u0259], en ingl\u00e9s \u201cSaint James&#039;s Square\u201d) es una plaza en el centro de la Ciudad Vieja de Barcelona y el coraz\u00f3n administrativo tanto de la ciudad como de la Catalu\u00f1a circundante. Esto se debe a que aqu\u00ed se encuentran uno frente al otro el Palacio de la Generalitat de Catalu\u00f1a y el Ayuntamiento.<\/p>\n<p>Cada a\u00f1o, el Ayuntamiento de Barcelona rinde homenaje a la tradici\u00f3n que existe en muchos hogares catalanes de montar un bel\u00e9n (<em>pessebre<\/em> en catal\u00e1n), mediante la construcci\u00f3n de uno de grandes dimensiones en la plaza central de Sant Jaume. La producci\u00f3n del bel\u00e9n cambia de manos a\u00f1o tras a\u00f1o, habi\u00e9ndose empleado estilos tanto tradicionales como contempor\u00e1neos en las \u00faltimas ediciones, pero siempre con los familiares personajes de la Sagrada Familia, pastores, Reyes Magos y \u00e1ngeles. Est\u00e9 atento tambi\u00e9n a los toques locales, como el <em>caganer<\/em>, un campesino catal\u00e1n que se encontrar\u00e1 en alg\u00fan lugar de la escena, agachado para devolver a la tierra lo que le ha quitado.<\/p>\n<\/div>\n<\/div>\n<\/div>\n<\/div><\/div><\/div><div class=\"w-popup-closer\" style=\"background:var(--color-content-bg);color:var(--color-content-text);\"><\/div><\/div><\/div><div class=\"w-separator size_small\"><\/div><div class=\"wpb_text_column\" ><div class=\"wpb_wrapper\"><h4><strong>Plaza de Santiago \u2013 Barcelona, Espa\u00f1a<\/strong><\/h4>\n<\/div><\/div><\/div><\/div><\/div><div class=\"vc_col-sm-4 wpb_column vc_column_container\"><div class=\"vc_column-inner\"><div class=\"wpb_wrapper\"><div class=\"w-popup align_center\"><a class=\"w-popup-trigger type_image\" aria-label=\"Surgir\" href=\"javascript:void(0)\"><img loading=\"lazy\" decoding=\"async\" width=\"600\" height=\"400\" src=\"https:\/\/www.franciscansusa.org\/wp-content\/uploads\/2023\/10\/Nativity-at-Assisi-600x400.jpg\" class=\"attachment-us_600_400_crop size-us_600_400_crop\" alt=\"\" srcset=\"https:\/\/www.franciscansusa.org\/wp-content\/uploads\/2023\/10\/Nativity-at-Assisi-600x400.jpg 600w, https:\/\/www.franciscansusa.org\/wp-content\/uploads\/2023\/10\/Nativity-at-Assisi-1024x683.jpg 1024w, https:\/\/www.franciscansusa.org\/wp-content\/uploads\/2023\/10\/Nativity-at-Assisi-300x200.jpg 300w, https:\/\/www.franciscansusa.org\/wp-content\/uploads\/2023\/10\/Nativity-at-Assisi-18x12.jpg 18w, https:\/\/www.franciscansusa.org\/wp-content\/uploads\/2023\/10\/Nativity-at-Assisi-150x100.jpg 150w\" sizes=\"auto, (max-width: 600px) 100vw, 600px\" \/><\/a><div class=\"w-popup-overlay\" style=\"background:rgba(0,0,0,0.85);\"><\/div><div class=\"w-popup-wrap\"><div class=\"w-popup-box animation_fadeIn without_title\" style=\"width:600px;\"><div class=\"w-popup-box-h\"><div class=\"w-popup-box-content\" style=\"padding:5%;background:var(--color-content-bg);color:var(--color-content-text);\"><div class=\"flex flex-grow flex-col gap-3 max-w-full\">\n<div class=\"min-h-&#091;20px&#093; flex flex-col items-start gap-3 whitespace-pre-wrap break-words overflow-x-auto\">\n<div class=\"markdown prose w-full break-words dark:prose-invert light\">\n<h4><img loading=\"lazy\" decoding=\"async\" class=\"alignnone wp-image-16760\" src=\"https:\/\/www.franciscansusa.org\/wp-content\/uploads\/2023\/10\/Nativity-at-Assisi-600x400.jpg\" alt=\"\" width=\"1065\" height=\"710\" srcset=\"https:\/\/www.franciscansusa.org\/wp-content\/uploads\/2023\/10\/Nativity-at-Assisi-600x400.jpg 600w, https:\/\/www.franciscansusa.org\/wp-content\/uploads\/2023\/10\/Nativity-at-Assisi-1024x683.jpg 1024w, https:\/\/www.franciscansusa.org\/wp-content\/uploads\/2023\/10\/Nativity-at-Assisi-300x200.jpg 300w, https:\/\/www.franciscansusa.org\/wp-content\/uploads\/2023\/10\/Nativity-at-Assisi-18x12.jpg 18w, https:\/\/www.franciscansusa.org\/wp-content\/uploads\/2023\/10\/Nativity-at-Assisi-150x100.jpg 150w\" sizes=\"auto, (max-width: 1065px) 100vw, 1065px\" \/><\/h4>\n<h4>Natividad en la Bas\u00edlica de San Francisco de As\u00eds \u2013 As\u00eds, Italia<\/h4>\n<p>Ubicada en el coraz\u00f3n de Italia, la Bas\u00edlica de San Francisco de As\u00eds es un testimonio de San Francisco, la figura reconocida por ser pionera en el primer bel\u00e9n viviente. Cada a\u00f1o, este lugar emblem\u00e1tico alberga una magn\u00edfica exhibici\u00f3n de belenes que atrae a admiradores internacionales.<\/p>\n<p>En 1223, inspirado por una peregrinaci\u00f3n a Tierra Santa y deseoso de llevar la esencia de Bel\u00e9n a los lugare\u00f1os de Greccio, San Francisco de As\u00eds introdujo el concepto de natividad viviente. Este gesto prepar\u00f3 el escenario para la querida tradici\u00f3n navide\u00f1a de hoy.<\/p>\n<p>El patio de la Bas\u00edlica proporciona el lienzo para este cuadro espiritual. Estatuas realistas de la Sagrada Familia (Mar\u00eda, Jos\u00e9 y el Ni\u00f1o Jes\u00fas) se presentan armoniosamente con pastores, magos, \u00e1ngeles y una variedad de animales, incluido el burro fundamental que simboliza el viaje a Bel\u00e9n. Todo ello con un pintoresco tel\u00f3n de fondo estable, esta exhibici\u00f3n relata v\u00edvidamente el cuento navide\u00f1o inaugural.<\/p>\n<p>Este espect\u00e1culo, revelado en Nochebuena, adorna la Bas\u00edlica hasta la Epifan\u00eda a principios de enero. Su inauguraci\u00f3n suele coincidir con una misa dedicada y, ocasionalmente, una procesi\u00f3n o una recreaci\u00f3n en vivo aumenta la narrativa de la natividad.<\/p>\n<p>Esta querida tradici\u00f3n subraya las festividades navide\u00f1as de la bas\u00edlica y se remonta al perdurable legado navide\u00f1o de San Francisco.<\/p>\n<\/div>\n<\/div>\n<\/div>\n<\/div><\/div><\/div><div class=\"w-popup-closer\" style=\"background:var(--color-content-bg);color:var(--color-content-text);\"><\/div><\/div><\/div><div class=\"w-separator size_small\"><\/div><div class=\"wpb_text_column\" ><div class=\"wpb_wrapper\"><h4><strong>Natividad en la Bas\u00edlica de San Francisco de As\u00eds \u2013 As\u00eds, Italia<\/strong><\/h4>\n<\/div><\/div><\/div><\/div><\/div><\/div><\/div><\/section><section class=\"l-section wpb_row height_medium\"><div class=\"l-section-h i-cf\"><div class=\"g-cols vc_row type_default valign_top\"><div class=\"vc_col-sm-4 wpb_column vc_column_container\"><div class=\"vc_column-inner\"><div class=\"wpb_wrapper\"><div class=\"w-popup align_center\"><a class=\"w-popup-trigger type_image\" aria-label=\"Surgir\" href=\"javascript:void(0)\"><img loading=\"lazy\" decoding=\"async\" width=\"600\" height=\"400\" src=\"https:\/\/www.franciscansusa.org\/wp-content\/uploads\/2023\/10\/web-nativity-manger-christmas-mexico-flickr-get-directly-down-cc-600x400.webp\" class=\"attachment-us_600_400_crop size-us_600_400_crop\" alt=\"\" srcset=\"https:\/\/www.franciscansusa.org\/wp-content\/uploads\/2023\/10\/web-nativity-manger-christmas-mexico-flickr-get-directly-down-cc-600x400.webp 600w, https:\/\/www.franciscansusa.org\/wp-content\/uploads\/2023\/10\/web-nativity-manger-christmas-mexico-flickr-get-directly-down-cc-300x200.webp 300w, https:\/\/www.franciscansusa.org\/wp-content\/uploads\/2023\/10\/web-nativity-manger-christmas-mexico-flickr-get-directly-down-cc-1024x683.webp 1024w, https:\/\/www.franciscansusa.org\/wp-content\/uploads\/2023\/10\/web-nativity-manger-christmas-mexico-flickr-get-directly-down-cc-18x12.webp 18w, https:\/\/www.franciscansusa.org\/wp-content\/uploads\/2023\/10\/web-nativity-manger-christmas-mexico-flickr-get-directly-down-cc-150x100.webp 150w, https:\/\/www.franciscansusa.org\/wp-content\/uploads\/2023\/10\/web-nativity-manger-christmas-mexico-flickr-get-directly-down-cc.webp 1440w\" sizes=\"auto, (max-width: 600px) 100vw, 600px\" \/><\/a><div class=\"w-popup-overlay\" style=\"background:rgba(0,0,0,0.85);\"><\/div><div class=\"w-popup-wrap\"><div class=\"w-popup-box animation_fadeIn without_title\" style=\"width:600px;\"><div class=\"w-popup-box-h\"><div class=\"w-popup-box-content\" style=\"padding:5%;background:var(--color-content-bg);color:var(--color-content-text);\"><div class=\"flex flex-grow flex-col gap-3 max-w-full\">\n<div class=\"min-h-&#091;20px&#093; flex flex-col items-start gap-3 whitespace-pre-wrap break-words overflow-x-auto\">\n<div class=\"markdown prose w-full break-words dark:prose-invert light\">\n<h4><img loading=\"lazy\" decoding=\"async\" class=\"wp-image-16928 aligncenter\" src=\"https:\/\/www.franciscansusa.org\/wp-content\/uploads\/2023\/10\/web-nativity-manger-christmas-mexico-flickr-get-directly-down-cc-600x400.webp\" alt=\"\" width=\"1077\" height=\"718\" srcset=\"https:\/\/www.franciscansusa.org\/wp-content\/uploads\/2023\/10\/web-nativity-manger-christmas-mexico-flickr-get-directly-down-cc-600x400.webp 600w, https:\/\/www.franciscansusa.org\/wp-content\/uploads\/2023\/10\/web-nativity-manger-christmas-mexico-flickr-get-directly-down-cc-300x200.webp 300w, https:\/\/www.franciscansusa.org\/wp-content\/uploads\/2023\/10\/web-nativity-manger-christmas-mexico-flickr-get-directly-down-cc-1024x683.webp 1024w, https:\/\/www.franciscansusa.org\/wp-content\/uploads\/2023\/10\/web-nativity-manger-christmas-mexico-flickr-get-directly-down-cc-18x12.webp 18w, https:\/\/www.franciscansusa.org\/wp-content\/uploads\/2023\/10\/web-nativity-manger-christmas-mexico-flickr-get-directly-down-cc-150x100.webp 150w, https:\/\/www.franciscansusa.org\/wp-content\/uploads\/2023\/10\/web-nativity-manger-christmas-mexico-flickr-get-directly-down-cc.webp 1440w\" sizes=\"auto, (max-width: 1077px) 100vw, 1077px\" \/><\/h4>\n<h4><strong>Nacimientos \u2013 M\u00e9xico<\/strong><\/h4>\n<p>Los belenes, conocidos como \u201cnacimientos\u201d en espa\u00f1ol, ocupan un lugar preciado en el tapiz de las tradiciones navide\u00f1as mexicanas. M\u00e1s que meras decoraciones, estas intrincadas exhibiciones representan el nacimiento de Jesucristo en Bel\u00e9n, capturando el momento sagrado en el que Mar\u00eda, Jos\u00e9 y el ni\u00f1o Jes\u00fas fueron visitados por los pastores y los Reyes Magos. En todo M\u00e9xico, las familias se re\u00fanen para crear estas escenas con inmensa dedicaci\u00f3n, a menudo incorporando una mezcla de materiales y figuras, tanto tradicionales como \u00fanicas para la interpretaci\u00f3n de cada familia. Tanto en pueblos como en ciudades, es com\u00fan encontrar nacimientos gigantes en plazas p\u00fablicas e iglesias, que irradian la esencia espiritual de la temporada y sirven como punto de reuni\u00f3n para la comunidad. Su presencia refuerza la arraigada fe cristiana del pueblo mexicano y subraya la importancia de la familia, la unidad y la tradici\u00f3n durante la temporada festiva.<\/p>\n<\/div>\n<\/div>\n<\/div>\n<\/div><\/div><\/div><div class=\"w-popup-closer\" style=\"background:var(--color-content-bg);color:var(--color-content-text);\"><\/div><\/div><\/div><div class=\"w-separator size_small\"><\/div><div class=\"wpb_text_column\" ><div class=\"wpb_wrapper\"><h4><strong>Nacimientos \u2013 M\u00e9xico<\/strong><\/h4>\n<h4><strong>\u00a0<\/strong><\/h4>\n<\/div><\/div><\/div><\/div><\/div><div class=\"vc_col-sm-4 wpb_column vc_column_container\"><div class=\"vc_column-inner\"><div class=\"wpb_wrapper\"><div class=\"w-popup align_center\"><a class=\"w-popup-trigger type_image\" aria-label=\"Surgir\" href=\"javascript:void(0)\"><img loading=\"lazy\" decoding=\"async\" width=\"600\" height=\"400\" src=\"https:\/\/www.franciscansusa.org\/wp-content\/uploads\/2023\/10\/adoration_magi_pio_christiano_inv31459-600x400.webp\" class=\"attachment-us_600_400_crop size-us_600_400_crop\" alt=\"\" \/><\/a><div class=\"w-popup-overlay\" style=\"background:rgba(0,0,0,0.85);\"><\/div><div class=\"w-popup-wrap\"><div class=\"w-popup-box animation_fadeIn without_title\" style=\"width:600px;\"><div class=\"w-popup-box-h\"><div class=\"w-popup-box-content\" style=\"padding:5%;background:var(--color-content-bg);color:var(--color-content-text);\"><div class=\"flex flex-grow flex-col gap-3 max-w-full\">\n<div class=\"min-h-&#091;20px&#093; flex flex-col items-start gap-3 whitespace-pre-wrap break-words overflow-x-auto\">\n<div class=\"markdown prose w-full break-words dark:prose-invert light\">\n<h4><img loading=\"lazy\" decoding=\"async\" class=\"wp-image-16930 aligncenter\" src=\"https:\/\/www.franciscansusa.org\/wp-content\/uploads\/2023\/10\/adoration_magi_pio_christiano_inv31459-600x400.webp\" alt=\"\" width=\"792\" height=\"528\" \/><\/h4>\n<h4><strong>La evoluci\u00f3n de la representaci\u00f3n de la Epifan\u00eda y su conexi\u00f3n con San Francisco<\/strong><\/h4>\n<p>Entre las primeras representaciones art\u00edsticas de la Epifan\u00eda se encuentra un notable sarc\u00f3fago de m\u00e1rmol del siglo IV encontrado en el cementerio de Santa In\u00e9s en Roma. Este antiguo artefacto representa el viaje de los Magos para visitar al Jes\u00fas reci\u00e9n nacido, un viaje que se distingue por la inclusi\u00f3n de tres camellos que acompa\u00f1an a los Reyes Magos. Guiada \u00fanicamente por la luz radiante de una estrella que brilla intensamente sobre Mar\u00eda y Jes\u00fas, esta escena captura la esencia de la gu\u00eda divina y la trascendental visita. En el siglo V, a medida que el cristianismo se expandi\u00f3 y sus expresiones art\u00edsticas se volvieron m\u00e1s complejas, evolucionaron las representaciones alguna vez humildes y sencillas del homenaje de los Magos. Comenzaron a surgir representaciones elaboradas y grandiosas, que eclipsaron las escenas m\u00e1s simples de siglos anteriores. Esta transici\u00f3n en el arte refleja la creciente importancia de la Epifan\u00eda en la narrativa cristiana, reflejando su resonancia cada vez m\u00e1s profunda entre los fieles. Curiosamente, esta evoluci\u00f3n hacia la grandeza de las celebraciones cristianas es a lo que respondi\u00f3 San Francisco de As\u00eds en el siglo XIII. Reconociendo el creciente desapego de los or\u00edgenes humildes de la historia navide\u00f1a, San Francisco cre\u00f3 el primer Bel\u00e9n viviente. Este acto fue un esfuerzo conmovedor por recuperar la sencillez y la humildad del nacimiento de Cristo, sirviendo como contrapunto a las elaboradas tendencias art\u00edsticas de su \u00e9poca y reconectando a los fieles con la esencia central de la narrativa navide\u00f1a.<\/p>\n<\/div>\n<\/div>\n<\/div>\n<\/div><\/div><\/div><div class=\"w-popup-closer\" style=\"background:var(--color-content-bg);color:var(--color-content-text);\"><\/div><\/div><\/div><div class=\"w-separator size_small\"><\/div><div class=\"wpb_text_column\" ><div class=\"wpb_wrapper\"><h4><strong>La evoluci\u00f3n de la representaci\u00f3n de la Epifan\u00eda y su conexi\u00f3n con San Francisco<\/strong><\/h4>\n<h4><strong>\u00a0<\/strong><\/h4>\n<\/div><\/div><\/div><\/div><\/div><div class=\"vc_col-sm-4 wpb_column vc_column_container\"><div class=\"vc_column-inner\"><div class=\"wpb_wrapper\"><\/div><\/div><\/div><\/div><\/div><\/section><section class=\"l-section wpb_row us_custom_8535c5f4 height_medium\"><div class=\"l-section-h i-cf\"><div class=\"g-cols vc_row type_default valign_top\"><div class=\"vc_col-sm-12 wpb_column vc_column_container\"><div class=\"vc_column-inner\"><div class=\"wpb_wrapper\"><div class=\"wpb_text_column\" ><div class=\"wpb_wrapper\"><h4><strong>Vea m\u00e1s Nacimientos enviados por nuestros seguidores de todo el mundo<br \/>\n<\/strong><\/h4>\n<p>Haga clic en la imagen para obtener m\u00e1s informaci\u00f3n sobre la Natividad que se muestra en la imagen.<\/p>\n<\/div><\/div><div class=\"w-separator size_small\"><\/div><\/div><\/div><\/div><div class=\"vc_col-sm-3 wpb_column vc_column_container\"><div class=\"vc_column-inner\"><div class=\"wpb_wrapper\"><div class=\"w-popup align_center\"><a class=\"w-popup-trigger type_image\" aria-label=\"Surgir\" href=\"javascript:void(0)\"><img loading=\"lazy\" decoding=\"async\" width=\"600\" height=\"400\" src=\"https:\/\/www.franciscansusa.org\/wp-content\/uploads\/2023\/12\/1204230817-600x400.jpg\" class=\"attachment-us_600_400_crop size-us_600_400_crop\" alt=\"\" \/><\/a><div class=\"w-popup-overlay\" style=\"background:rgba(0,0,0,0.85);\"><\/div><div class=\"w-popup-wrap\"><div class=\"w-popup-box animation_fadeIn without_title\" style=\"width:600px;\"><div class=\"w-popup-box-h\"><div class=\"w-popup-box-content\" style=\"padding:5%;background:var(--color-content-bg);color:var(--color-content-text);\"><div class=\"flex flex-grow flex-col gap-3 max-w-full\">\n<div class=\"min-h-&#091;20px&#093; flex flex-col items-start gap-3 whitespace-pre-wrap break-words overflow-x-auto\">\n<div class=\"markdown prose w-full break-words dark:prose-invert light\">\n<h4><img loading=\"lazy\" decoding=\"async\" class=\"alignnone wp-image-17236 size-us_600_400\" src=\"https:\/\/www.franciscansusa.org\/wp-content\/uploads\/2023\/12\/1204230817-300x400.jpg\" alt=\"\" width=\"300\" height=\"400\" srcset=\"https:\/\/www.franciscansusa.org\/wp-content\/uploads\/2023\/12\/1204230817-300x400.jpg 300w, https:\/\/www.franciscansusa.org\/wp-content\/uploads\/2023\/12\/1204230817-225x300.jpg 225w, https:\/\/www.franciscansusa.org\/wp-content\/uploads\/2023\/12\/1204230817-768x1024.jpg 768w, https:\/\/www.franciscansusa.org\/wp-content\/uploads\/2023\/12\/1204230817-9x12.jpg 9w, https:\/\/www.franciscansusa.org\/wp-content\/uploads\/2023\/12\/1204230817-113x150.jpg 113w, https:\/\/www.franciscansusa.org\/wp-content\/uploads\/2023\/12\/1204230817-450x600.jpg 450w, https:\/\/www.franciscansusa.org\/wp-content\/uploads\/2023\/12\/1204230817-600x800.jpg 600w, https:\/\/www.franciscansusa.org\/wp-content\/uploads\/2023\/12\/1204230817-scaled.jpg 1920w\" sizes=\"auto, (max-width: 300px) 100vw, 300px\" \/><\/h4>\n<h4>Natividad en la Parroquia Nuestra Se\u00f1ora del Monte Carmelo \u2013 El Paso, Texas<\/h4>\n<p>La Iglesia de Nuestra Se\u00f1ora del Monte Carmelo en El Paso, Texas, es famosa por su cautivador bel\u00e9n durante la festiva temporada navide\u00f1a. Como reflejo de la profunda dedicaci\u00f3n y pasi\u00f3n de la comunidad, los voluntarios trabajan diligentemente durante todo el a\u00f1o, asegur\u00e1ndose de que la iglesia est\u00e9 bellamente adornada para conmemorar diversas ocasiones. Sin embargo, sus esfuerzos durante la Navidad se destacan claramente. La exhibici\u00f3n del nacimiento no es solo una representaci\u00f3n art\u00edstica del nacimiento de Jes\u00fas, sino tambi\u00e9n un testimonio de la unidad, el compromiso y el amor de la comunidad parroquial. Las figuras meticulosamente elaboradas, los intrincados fondos y las luces iluminadoras se combinan armoniosamente, transformando la iglesia en un faro de esperanza y celebraci\u00f3n. A trav\u00e9s de este esfuerzo, los voluntarios de Nuestra Se\u00f1ora del Monte Carmelo no s\u00f3lo mejoran la est\u00e9tica del espacio sagrado sino que tambi\u00e9n lo imbuyen de un esp\u00edritu de reverencia, recordando a todos los visitantes la verdadera esencia de la temporada navide\u00f1a.<\/p>\n<\/div>\n<\/div>\n<\/div>\n<\/div><\/div><\/div><div class=\"w-popup-closer\" style=\"background:var(--color-content-bg);color:var(--color-content-text);\"><\/div><\/div><\/div><div class=\"w-separator size_small\"><\/div><div class=\"wpb_text_column\" ><div class=\"wpb_wrapper\"><h4 style=\"text-align: left;\"><strong>Natividad en la Parroquia Nuestra Se\u00f1ora del Monte Carmelo \u2013 El Paso, Texas<\/strong><\/h4>\n<\/div><\/div><\/div><\/div><\/div><div class=\"vc_col-sm-3 wpb_column vc_column_container\"><div class=\"vc_column-inner\"><div class=\"wpb_wrapper\"><div class=\"w-popup align_center\"><a class=\"w-popup-trigger type_image\" aria-label=\"Surgir\" href=\"javascript:void(0)\"><img loading=\"lazy\" decoding=\"async\" width=\"600\" height=\"400\" src=\"https:\/\/www.franciscansusa.org\/wp-content\/uploads\/2023\/12\/IMG_20231209_151750918_HDR-600x400.jpg\" class=\"attachment-us_600_400_crop size-us_600_400_crop\" alt=\"\" \/><\/a><div class=\"w-popup-overlay\" style=\"background:rgba(0,0,0,0.85);\"><\/div><div class=\"w-popup-wrap\"><div class=\"w-popup-box animation_fadeIn without_title\" style=\"width:600px;\"><div class=\"w-popup-box-h\"><div class=\"w-popup-box-content\" style=\"padding:5%;background:var(--color-content-bg);color:var(--color-content-text);\"><div class=\"flex flex-grow flex-col gap-3 max-w-full\">\n<div class=\"min-h-&#091;20px&#093; flex flex-col items-start gap-3 whitespace-pre-wrap break-words overflow-x-auto\">\n<div class=\"markdown prose w-full break-words dark:prose-invert light\">\n<h4><img loading=\"lazy\" decoding=\"async\" class=\"alignnone wp-image-17295 size-us_600_400_crop\" src=\"https:\/\/www.franciscansusa.org\/wp-content\/uploads\/2023\/12\/IMG_20231209_151750918_HDR-600x400.jpg\" alt=\"\" width=\"600\" height=\"400\" \/><\/h4>\n<h4>De generaci\u00f3n en generaci\u00f3n: la preciada Natividad de TM<\/h4>\n<div class=\"flex flex-grow flex-col gap-3 max-w-full\">\n<div class=\"min-h-&#091;20px&#093; flex flex-col items-start gap-3 whitespace-pre-wrap break-words overflow-x-auto\" data-message-author-role=\"assistant\" data-message-id=\"a4a3c10d-acf5-4bc1-b1ed-77b403917870\">\n<div class=\"markdown prose w-full break-words dark:prose-invert light\">\n<div class=\"flex flex-grow flex-col max-w-full\">\n<div class=\"min-h-&#091;20px&#093; text-message flex flex-col items-start gap-3 whitespace-pre-wrap break-words &#091;.text-message+&amp;&#093;:mt-5 overflow-x-auto\" data-message-author-role=\"assistant\" data-message-id=\"ff8deb92-262c-42e1-b019-c95ac5768203\">\n<div class=\"markdown prose w-full break-words dark:prose-invert light\">\n<p>Estamos emocionados de compartir un preciado bel\u00e9n de uno de nuestros valiosos seguidores, conocido por nosotros como TM. Esta pieza especial tiene un profundo significado emocional, ya que fue un regalo reconfortante recibido durante un momento de p\u00e9rdida; A TM se le entreg\u00f3 este nacimiento cuando su madre falleci\u00f3 el 6 de enero de 2023.<\/p>\n<p>La historia de esta natividad es fascinante. Elaborado por el abuelo de TM hace m\u00e1s de un siglo, es un testimonio de una artesan\u00eda perdurable y una herencia familiar. En un amoroso toque personal, TM realz\u00f3 su belleza agregando una luz en el interior, aportando un brillo c\u00e1lido a esta reliquia atemporal.<\/p>\n<\/div>\n<\/div>\n<\/div>\n<\/div>\n<\/div>\n<\/div>\n<\/div>\n<\/div>\n<\/div>\n<\/div><\/div><\/div><div class=\"w-popup-closer\" style=\"background:var(--color-content-bg);color:var(--color-content-text);\"><\/div><\/div><\/div><div class=\"wpb_text_column\" ><div class=\"wpb_wrapper\"><h4 style=\"text-align: left;\"><strong>De generaci\u00f3n en generaci\u00f3n: la preciada Natividad de TM<\/strong><\/h4>\n<\/div><\/div><div class=\"w-separator size_small\"><\/div><\/div><\/div><\/div><div class=\"vc_col-sm-3 wpb_column vc_column_container\"><div class=\"vc_column-inner\"><div class=\"wpb_wrapper\"><\/div><\/div><\/div><div class=\"vc_col-sm-3 wpb_column vc_column_container\"><div class=\"vc_column-inner\"><div class=\"wpb_wrapper\"><\/div><\/div><\/div><\/div><\/div><\/section>\n<\/div>","protected":false},"excerpt":{"rendered":"Greccio 800 Celebrando 800 a\u00f1os de Greccio: Un viaje de belenes alrededor del mundo Hace ochocientos a\u00f1os, San Francisco de As\u00eds obtuvo el permiso del obispo local de Rieti para hacer algo que no se hab\u00eda permitido durante d\u00e9cadas: una recreaci\u00f3n de la Natividad para la gente de Greccio, en el Valle de Rieti...","protected":false},"author":1,"featured_media":0,"parent":0,"menu_order":0,"comment_status":"closed","ping_status":"closed","template":"","meta":{"om_disable_all_campaigns":false,"_monsterinsights_skip_tracking":false,"_monsterinsights_sitenote_active":false,"_monsterinsights_sitenote_note":"","_monsterinsights_sitenote_category":0,"_uf_show_specific_survey":0,"_uf_disable_surveys":false,"footnotes":""},"class_list":["post-16622","page","type-page","status-publish","hentry"],"aioseo_notices":[],"publishpress_future_action":{"enabled":false,"date":"2026-05-09 06:49:08","action":"change-status","newStatus":"draft","terms":[],"taxonomy":"","extraData":[]},"publishpress_future_workflow_manual_trigger":{"enabledWorkflows":[]},"_links":{"self":[{"href":"https:\/\/www.franciscansusa.org\/es\/wp-json\/wp\/v2\/pages\/16622","targetHints":{"allow":["GET"]}}],"collection":[{"href":"https:\/\/www.franciscansusa.org\/es\/wp-json\/wp\/v2\/pages"}],"about":[{"href":"https:\/\/www.franciscansusa.org\/es\/wp-json\/wp\/v2\/types\/page"}],"author":[{"embeddable":true,"href":"https:\/\/www.franciscansusa.org\/es\/wp-json\/wp\/v2\/users\/1"}],"replies":[{"embeddable":true,"href":"https:\/\/www.franciscansusa.org\/es\/wp-json\/wp\/v2\/comments?post=16622"}],"version-history":[{"count":47,"href":"https:\/\/www.franciscansusa.org\/es\/wp-json\/wp\/v2\/pages\/16622\/revisions"}],"predecessor-version":[{"id":17301,"href":"https:\/\/www.franciscansusa.org\/es\/wp-json\/wp\/v2\/pages\/16622\/revisions\/17301"}],"wp:attachment":[{"href":"https:\/\/www.franciscansusa.org\/es\/wp-json\/wp\/v2\/media?parent=16622"}],"curies":[{"name":"gracias","href":"https:\/\/api.w.org\/{rel}","templated":true}]}}