{"id":3728,"date":"2015-08-26T14:14:01","date_gmt":"2015-08-26T14:14:01","guid":{"rendered":"http:\/\/impreza.us-themes.net\/?page_id=3728"},"modified":"2015-08-26T14:14:01","modified_gmt":"2015-08-26T14:14:01","slug":"blog-classic-grid","status":"publish","type":"page","link":"https:\/\/www.franciscansusa.org\/es\/blog-classic-grid\/","title":{"rendered":"Nuestro blog"},"content":{"rendered":"<div class=\"wpb-content-wrapper\"><section class=\"l-section wpb_row height_medium\"><div class=\"l-section-h i-cf\"><div class=\"g-cols vc_row type_default valign_top\"><div class=\"vc_col-sm-12 wpb_column vc_column_container\"><div class=\"vc_column-inner\"><div class=\"wpb_wrapper\"><div class=\"w-grid type_masonry layout_blog_11 cols_2 with_isotope\" id=\"us_grid_1\" data-filterable=\"true\"><style id=\"us_grid_1_css\">#us_grid_1 .w-grid-item{padding:1.5rem}#us_grid_1 .w-grid-list{margin:-1.5rem -1.5rem 1.5rem}.w-grid + #us_grid_1 .w-grid-list{margin-top:1.5rem}@media (max-width:599px){#us_grid_1 .w-grid-list{margin:0}#us_grid_1 .w-grid-item{width:100.0000%;padding:0;margin-bottom:1.5rem}}<\/style><style>.layout_blog_11 .w-grid-item-h{}.layout_blog_11 .usg_post_title_1{font-size:1.4rem!important}.layout_blog_11 .usg_hwrapper_1{color:var(--color-content-faded)!important;font-size:14px!important}.layout_blog_11 .usg_post_taxonomy_1{font-weight:700!important;text-transform:uppercase!important}.layout_blog_11 .usg_post_image_1{margin-top:0.6rem!important}.layout_blog_11 .usg_post_content_1{font-size:0.9rem!important;line-height:1.7!important;margin-top:0.8rem!important}@media (max-width:599px){.layout_blog_11 .usg_post_title_1{font-size:1.2rem!important}}<\/style><div class=\"w-grid-list\" >\t<article class=\"w-grid-item size_1x1 post-24519 post type-post status-publish format-standard has-post-thumbnail hentry category-2026-spring-newsletter-instruments-of-peace\" data-id=\"24519\">\r\n\t\t<div class=\"w-grid-item-h\">\r\n\t\t\t\t\t\t<h2 class=\"w-post-elm post_title usg_post_title_1 entry-title color_link_inherit\"><a href=\"https:\/\/www.franciscansusa.org\/es\/the-long-loneliness\/\">The Long Loneliness<\/a><\/h2><div class=\"w-hwrapper usg_hwrapper_1 align_left valign_top wrap\"><div class=\"w-post-elm post_taxonomy usg_post_taxonomy_1 style_simple\"><a href=\"https:\/\/www.franciscansusa.org\/es\/category\/2026-spring-newsletter-instruments-of-peace\/\">2026 Spring Newsletter - Instruments of Peace<\/a><\/div><time class=\"w-post-elm post_date usg_post_date_1 entry-date published\" datetime=\"2026-04-14T10:10:57-04:00\" title=\"14 abril 2026 a las 10:10:57 America\/New_York\">14 Abr a las 10:10 am<\/time><div class=\"w-post-elm post_comments usg_post_comments_1 layout_amount color_link_inherit\"><i class=\"far fa-comments\"><\/i><a class=\"smooth-scroll\" href=\"https:\/\/www.franciscansusa.org\/es\/the-long-loneliness\/#respond\">0<\/a><\/div><\/div><div class=\"w-post-elm post_image usg_post_image_1 stretched\"><a href=\"https:\/\/www.franciscansusa.org\/es\/the-long-loneliness\/\" aria-label=\"The Long Loneliness\"><img loading=\"lazy\" decoding=\"async\" width=\"600\" height=\"400\" src=\"https:\/\/www.franciscansusa.org\/wp-content\/uploads\/2026\/04\/Dorthy-Day-Vince-_petersen-600x400.jpg\" class=\"attachment-us_600_400_crop size-us_600_400_crop wp-post-image\" alt=\"\" \/><\/a><\/div><div class=\"w-post-elm post_content usg_post_content_1\">The Long Loneliness By friar Vincent Petersen, OFM Conv. To champion the cause of justice and peace is to accept a risk the prophets knew well: to be dismissed, avoided, and misunderstood. When one speaks on behalf of the marginalized, the poor, and the disenfranchised, the cost can include loneliness.&hellip;<\/div>\t\t<\/div>\r\n\t<\/article>\r\n\t<article class=\"w-grid-item size_1x1 post-24516 post type-post status-publish format-standard has-post-thumbnail hentry category-2026-spring-newsletter-instruments-of-peace\" data-id=\"24516\">\r\n\t\t<div class=\"w-grid-item-h\">\r\n\t\t\t\t\t\t<h2 class=\"w-post-elm post_title usg_post_title_1 entry-title color_link_inherit\"><a href=\"https:\/\/www.franciscansusa.org\/es\/qa-sister-charity-nkandu\/\">Q&#038;A With Sister Charity Nkandu<\/a><\/h2><div class=\"w-hwrapper usg_hwrapper_1 align_left valign_top wrap\"><div class=\"w-post-elm post_taxonomy usg_post_taxonomy_1 style_simple\"><a href=\"https:\/\/www.franciscansusa.org\/es\/category\/2026-spring-newsletter-instruments-of-peace\/\">2026 Spring Newsletter - Instruments of Peace<\/a><\/div><time class=\"w-post-elm post_date usg_post_date_1 entry-date published\" datetime=\"2026-04-14T09:45:54-04:00\" title=\"14 abril 2026 a las 09:45:54 America\/New_York\">14 Abr a las 9:45 am<\/time><div class=\"w-post-elm post_comments usg_post_comments_1 layout_amount color_link_inherit\"><i class=\"far fa-comments\"><\/i><a class=\"smooth-scroll\" href=\"https:\/\/www.franciscansusa.org\/es\/qa-sister-charity-nkandu\/#respond\">0<\/a><\/div><\/div><div class=\"w-post-elm post_image usg_post_image_1 stretched\"><a href=\"https:\/\/www.franciscansusa.org\/es\/qa-sister-charity-nkandu\/\" aria-label=\"Q&#038;A With Sister Charity Nkandu\"><img loading=\"lazy\" decoding=\"async\" width=\"600\" height=\"400\" src=\"https:\/\/www.franciscansusa.org\/wp-content\/uploads\/2026\/04\/Gemini_Generated_Image_l5tmazl5tmazl5tm-600x400.png\" class=\"attachment-us_600_400_crop size-us_600_400_crop wp-post-image\" alt=\"\" \/><\/a><\/div><div class=\"w-post-elm post_content usg_post_content_1\">Q&amp;A With Sister Charity Nkandu Sister Charity Lydia Katongo Nkandu, SFMA, is a prominent advocate for human rights and children\u2019s welfare, serving as a representative for Franciscans International at the United Nations. Originally from the Archdiocese of Ndola in Zambia, she celebrated 38 years of religious life in January 2026.&hellip;<\/div>\t\t<\/div>\r\n\t<\/article>\r\n\t<article class=\"w-grid-item size_1x1 post-24511 post type-post status-publish format-standard has-post-thumbnail hentry category-2026-spring-newsletter-instruments-of-peace\" data-id=\"24511\">\r\n\t\t<div class=\"w-grid-item-h\">\r\n\t\t\t\t\t\t<h2 class=\"w-post-elm post_title usg_post_title_1 entry-title color_link_inherit\"><a href=\"https:\/\/www.franciscansusa.org\/es\/a-disarming-peace\/\">A Disarming Peace:  Franciscan Social Theatre &#8211; Bold Hope in Syria<\/a><\/h2><div class=\"w-hwrapper usg_hwrapper_1 align_left valign_top wrap\"><div class=\"w-post-elm post_taxonomy usg_post_taxonomy_1 style_simple\"><a href=\"https:\/\/www.franciscansusa.org\/es\/category\/2026-spring-newsletter-instruments-of-peace\/\">2026 Spring Newsletter - Instruments of Peace<\/a><\/div><time class=\"w-post-elm post_date usg_post_date_1 entry-date published\" datetime=\"2026-04-14T09:38:53-04:00\" title=\"14 abril 2026 a las 09:38:53 America\/New_York\">14 Abr a las 9:38 am<\/time><div class=\"w-post-elm post_comments usg_post_comments_1 layout_amount color_link_inherit\"><i class=\"far fa-comments\"><\/i><a class=\"smooth-scroll\" href=\"https:\/\/www.franciscansusa.org\/es\/a-disarming-peace\/#respond\">0<\/a><\/div><\/div><div class=\"w-post-elm post_image usg_post_image_1 stretched\"><a href=\"https:\/\/www.franciscansusa.org\/es\/a-disarming-peace\/\" aria-label=\"A Disarming Peace:  Franciscan Social Theatre &#8211; Bold Hope in Syria\"><img loading=\"lazy\" decoding=\"async\" width=\"600\" height=\"400\" src=\"https:\/\/www.franciscansusa.org\/wp-content\/uploads\/2026\/03\/Screenshot-2026-04-14-at-9.37.02-AM-600x400.png\" class=\"attachment-us_600_400_crop size-us_600_400_crop wp-post-image\" alt=\"\" \/><\/a><\/div><div class=\"w-post-elm post_content usg_post_content_1\">A Disarming Peace:\u00a0 Franciscan Social Theatre &#8211; Bold Hope in Syria By friar Michael Lasky, OFM Conv. In a world scarred by conflict, Pope Leo XIV reminds us that true peace is \u201cunarmed and disarming,\u201d always drawing close to those who suffer. These words echo the Gospel\u2019s call to transform&hellip;<\/div>\t\t<\/div>\r\n\t<\/article>\r\n\t<article class=\"w-grid-item size_1x1 post-24358 post type-post status-publish format-standard has-post-thumbnail hentry category-2026-spring-newsletter-instruments-of-peace\" data-id=\"24358\">\r\n\t\t<div class=\"w-grid-item-h\">\r\n\t\t\t\t\t\t<h2 class=\"w-post-elm post_title usg_post_title_1 entry-title color_link_inherit\"><a href=\"https:\/\/www.franciscansusa.org\/es\/enough-of-war\/\">\u201cEnough of War\u201d: Pope Leo\u2019s  Call to Reconciliation and Peace<\/a><\/h2><div class=\"w-hwrapper usg_hwrapper_1 align_left valign_top wrap\"><div class=\"w-post-elm post_taxonomy usg_post_taxonomy_1 style_simple\"><a href=\"https:\/\/www.franciscansusa.org\/es\/category\/2026-spring-newsletter-instruments-of-peace\/\">2026 Spring Newsletter - Instruments of Peace<\/a><\/div><time class=\"w-post-elm post_date usg_post_date_1 entry-date published\" datetime=\"2026-03-19T09:40:14-04:00\" title=\"19 marzo 2026 a las 09:40:14 America\/New_York\">19 Mar a las 9:40 am<\/time><div class=\"w-post-elm post_comments usg_post_comments_1 layout_amount color_link_inherit\"><i class=\"far fa-comments\"><\/i><a class=\"smooth-scroll\" href=\"https:\/\/www.franciscansusa.org\/es\/enough-of-war\/#respond\">0<\/a><\/div><\/div><div class=\"w-post-elm post_image usg_post_image_1 stretched\"><a href=\"https:\/\/www.franciscansusa.org\/es\/enough-of-war\/\" aria-label=\"\u201cEnough of War\u201d: Pope Leo\u2019s  Call to Reconciliation and Peace\"><img loading=\"lazy\" decoding=\"async\" width=\"600\" height=\"400\" src=\"https:\/\/www.franciscansusa.org\/wp-content\/uploads\/2026\/03\/pope-leo-waving-600x400.jpg\" class=\"attachment-us_600_400_crop size-us_600_400_crop wp-post-image\" alt=\"\" srcset=\"https:\/\/www.franciscansusa.org\/wp-content\/uploads\/2026\/03\/pope-leo-waving-600x400.jpg 600w, https:\/\/www.franciscansusa.org\/wp-content\/uploads\/2026\/03\/pope-leo-waving-18x12.jpg 18w\" sizes=\"auto, (max-width: 600px) 100vw, 600px\" \/><\/a><\/div><div class=\"w-post-elm post_content usg_post_content_1\">\u201cThe world is thirsting for peace. We need a true and sound era of reconciliation that puts an end to the abuse of power, displays of force and indifference to the rule of law. Enough of war, with all the pain it causes through death, destruction and exile!\u201d Pope Leo&hellip;<\/div>\t\t<\/div>\r\n\t<\/article>\r\n\t<article class=\"w-grid-item size_1x1 post-24352 post type-post status-publish format-standard has-post-thumbnail hentry category-2026-spring-newsletter-instruments-of-peace tag-bishop-john-stowe\" data-id=\"24352\">\r\n\t\t<div class=\"w-grid-item-h\">\r\n\t\t\t\t\t\t<h2 class=\"w-post-elm post_title usg_post_title_1 entry-title color_link_inherit\"><a href=\"https:\/\/www.franciscansusa.org\/es\/pax-christi-from-pilgrimage-to-peacebuilding\/\">Pax Christi: From Pilgrimage to Peacebuilding<\/a><\/h2><div class=\"w-hwrapper usg_hwrapper_1 align_left valign_top wrap\"><div class=\"w-post-elm post_taxonomy usg_post_taxonomy_1 style_simple\"><a href=\"https:\/\/www.franciscansusa.org\/es\/category\/2026-spring-newsletter-instruments-of-peace\/\">2026 Spring Newsletter - Instruments of Peace<\/a><\/div><time class=\"w-post-elm post_date usg_post_date_1 entry-date published\" datetime=\"2026-03-18T23:11:36-04:00\" title=\"18 marzo 2026 a las 23:11:36 America\/New_York\">18 Mar a las 11:11 pm<\/time><div class=\"w-post-elm post_comments usg_post_comments_1 layout_amount color_link_inherit\"><i class=\"far fa-comments\"><\/i><a class=\"smooth-scroll\" href=\"https:\/\/www.franciscansusa.org\/es\/pax-christi-from-pilgrimage-to-peacebuilding\/#respond\">0<\/a><\/div><\/div><div class=\"w-post-elm post_image usg_post_image_1 stretched\"><a href=\"https:\/\/www.franciscansusa.org\/es\/pax-christi-from-pilgrimage-to-peacebuilding\/\" aria-label=\"Pax Christi: From Pilgrimage to Peacebuilding\"><img loading=\"lazy\" decoding=\"async\" width=\"600\" height=\"400\" src=\"https:\/\/www.franciscansusa.org\/wp-content\/uploads\/2026\/03\/pax-christi-thumb-600x400.jpg\" class=\"attachment-us_600_400_crop size-us_600_400_crop wp-post-image\" alt=\"\" srcset=\"https:\/\/www.franciscansusa.org\/wp-content\/uploads\/2026\/03\/pax-christi-thumb-600x400.jpg 600w, https:\/\/www.franciscansusa.org\/wp-content\/uploads\/2026\/03\/pax-christi-thumb-18x12.jpg 18w\" sizes=\"auto, (max-width: 600px) 100vw, 600px\" \/><\/a><\/div><div class=\"w-post-elm post_content usg_post_content_1\">Pax Christi: From Pilgrimage to Peacebuilding Written by Bishop John Stowe, OFM Conv. In 1945, even before the Second World War came to an end, a lay woman and a French bishop organized pilgrimages among French and German communities to promote reconciliation. The hope was that their common faith in&hellip;<\/div>\t\t<\/div>\r\n\t<\/article>\r\n\t<article class=\"w-grid-item size_1x1 post-24342 post type-post status-publish format-standard has-post-thumbnail hentry category-2026-spring-newsletter-instruments-of-peace tag-friar-wayne-hellmann\" data-id=\"24342\">\r\n\t\t<div class=\"w-grid-item-h\">\r\n\t\t\t\t\t\t<h2 class=\"w-post-elm post_title usg_post_title_1 entry-title color_link_inherit\"><a href=\"https:\/\/www.franciscansusa.org\/es\/six-popes-one-call-peace\/\">Six Popes &#8211; One Call: Peace<\/a><\/h2><div class=\"w-hwrapper usg_hwrapper_1 align_left valign_top wrap\"><div class=\"w-post-elm post_taxonomy usg_post_taxonomy_1 style_simple\"><a href=\"https:\/\/www.franciscansusa.org\/es\/category\/2026-spring-newsletter-instruments-of-peace\/\">2026 Spring Newsletter - Instruments of Peace<\/a><\/div><time class=\"w-post-elm post_date usg_post_date_1 entry-date published\" datetime=\"2026-03-18T22:48:04-04:00\" title=\"18 marzo 2026 a las 22:48:04 America\/New_York\">18 Mar a las 10:48 pm<\/time><div class=\"w-post-elm post_comments usg_post_comments_1 layout_amount color_link_inherit\"><i class=\"far fa-comments\"><\/i><a class=\"smooth-scroll\" href=\"https:\/\/www.franciscansusa.org\/es\/six-popes-one-call-peace\/#respond\">0<\/a><\/div><\/div><div class=\"w-post-elm post_image usg_post_image_1 stretched\"><a href=\"https:\/\/www.franciscansusa.org\/es\/six-popes-one-call-peace\/\" aria-label=\"Six Popes &#8211; One Call: Peace\"><img loading=\"lazy\" decoding=\"async\" width=\"553\" height=\"328\" src=\"https:\/\/www.franciscansusa.org\/wp-content\/uploads\/2026\/03\/instruments-of-peace-square.jpg\" class=\"attachment-us_600_400_crop size-us_600_400_crop wp-post-image\" alt=\"\" srcset=\"https:\/\/www.franciscansusa.org\/wp-content\/uploads\/2026\/03\/instruments-of-peace-square.jpg 553w, https:\/\/www.franciscansusa.org\/wp-content\/uploads\/2026\/03\/instruments-of-peace-square-300x178.jpg 300w, https:\/\/www.franciscansusa.org\/wp-content\/uploads\/2026\/03\/instruments-of-peace-square-18x12.jpg 18w, https:\/\/www.franciscansusa.org\/wp-content\/uploads\/2026\/03\/instruments-of-peace-square-150x89.jpg 150w\" sizes=\"auto, (max-width: 553px) 100vw, 553px\" \/><\/a><\/div><div class=\"w-post-elm post_content usg_post_content_1\">Six Popes &#8211; One Call: Peace Written By friar Wayne Hellmann, OFM Conv. \u201cPeace be with you all!\u201d Dear brothers and sisters, these are the first words spoken by the risen Christ. I would like this greeting of peace to resound in your hearts, in your families, among all people,&hellip;<\/div>\t\t<\/div>\r\n\t<\/article>\r\n\t<article class=\"w-grid-item size_1x1 post-24104 post type-post status-publish format-standard has-post-thumbnail hentry category-friar-blogs tag-ash-wednesday tag-friar-mario-serrano tag-homily\" data-id=\"24104\">\r\n\t\t<div class=\"w-grid-item-h\">\r\n\t\t\t\t\t\t<h2 class=\"w-post-elm post_title usg_post_title_1 entry-title color_link_inherit\"><a href=\"https:\/\/www.franciscansusa.org\/es\/ash-wednesday-homily\/\">Ash Wednesday 2026: The Jubilee of St. Francis<\/a><\/h2><div class=\"w-hwrapper usg_hwrapper_1 align_left valign_top wrap\"><div class=\"w-post-elm post_taxonomy usg_post_taxonomy_1 style_simple\"><a href=\"https:\/\/www.franciscansusa.org\/es\/category\/friar-blogs\/\">Blogs de frailes<\/a><\/div><time class=\"w-post-elm post_date usg_post_date_1 entry-date published\" datetime=\"2026-02-19T09:11:44-05:00\" title=\"19 febrero 2026 a las 09:11:44 America\/New_York\">19 Feb a las 9:11 am<\/time><div class=\"w-post-elm post_comments usg_post_comments_1 layout_amount color_link_inherit\"><i class=\"far fa-comments\"><\/i><a class=\"smooth-scroll\" href=\"https:\/\/www.franciscansusa.org\/es\/ash-wednesday-homily\/#respond\">0<\/a><\/div><\/div><div class=\"w-post-elm post_image usg_post_image_1 stretched\"><a href=\"https:\/\/www.franciscansusa.org\/es\/ash-wednesday-homily\/\" aria-label=\"Ash Wednesday 2026: The Jubilee of St. Francis\"><img loading=\"lazy\" decoding=\"async\" width=\"600\" height=\"400\" src=\"https:\/\/www.franciscansusa.org\/wp-content\/uploads\/2026\/02\/2026AshWednesday_MarioSerrano_01-600x400.jpg\" class=\"attachment-us_600_400_crop size-us_600_400_crop wp-post-image\" alt=\"\" srcset=\"https:\/\/www.franciscansusa.org\/wp-content\/uploads\/2026\/02\/2026AshWednesday_MarioSerrano_01-600x400.jpg 600w, https:\/\/www.franciscansusa.org\/wp-content\/uploads\/2026\/02\/2026AshWednesday_MarioSerrano_01-300x200.jpg 300w, https:\/\/www.franciscansusa.org\/wp-content\/uploads\/2026\/02\/2026AshWednesday_MarioSerrano_01-1024x683.jpg 1024w, https:\/\/www.franciscansusa.org\/wp-content\/uploads\/2026\/02\/2026AshWednesday_MarioSerrano_01-18x12.jpg 18w, https:\/\/www.franciscansusa.org\/wp-content\/uploads\/2026\/02\/2026AshWednesday_MarioSerrano_01-150x100.jpg 150w\" sizes=\"auto, (max-width: 600px) 100vw, 600px\" \/><\/a><\/div><div class=\"w-post-elm post_content usg_post_content_1\">Ash Wednesday 2026: The Jubilee of St. Francis Homily by friar Mario Serrano, OFM Conv. If you are still wondering which penitential practices to undertake during Lent, Pope Leo has asked us to consider listening and fasting. That is to make room for the Word and to listen to the&hellip;<\/div>\t\t<\/div>\r\n\t<\/article>\r\n\t<article class=\"w-grid-item size_1x1 post-23702 post type-post status-publish format-standard has-post-thumbnail hentry category-2025-winter-newsletter-rooted-in-sacred-memory\" data-id=\"23702\">\r\n\t\t<div class=\"w-grid-item-h\">\r\n\t\t\t\t\t\t<h2 class=\"w-post-elm post_title usg_post_title_1 entry-title color_link_inherit\"><a href=\"https:\/\/www.franciscansusa.org\/es\/a-sacrament-to-be-remembered\/\">Un sacramento para ser recordado<\/a><\/h2><div class=\"w-hwrapper usg_hwrapper_1 align_left valign_top wrap\"><div class=\"w-post-elm post_taxonomy usg_post_taxonomy_1 style_simple\"><a href=\"https:\/\/www.franciscansusa.org\/es\/category\/2025-winter-newsletter-rooted-in-sacred-memory\/\">Bolet\u00edn de invierno de 2025 \u2013 Arraigados en la memoria sagrada<\/a><\/div><time class=\"w-post-elm post_date usg_post_date_1 entry-date published\" datetime=\"2025-12-17T14:56:37-05:00\" title=\"17 diciembre 2025 a las 14:56:37 America\/New_York\">17 de diciembre de 2025<\/time><div class=\"w-post-elm post_comments usg_post_comments_1 layout_amount color_link_inherit\"><i class=\"far fa-comments\"><\/i><a class=\"smooth-scroll\" href=\"https:\/\/www.franciscansusa.org\/es\/a-sacrament-to-be-remembered\/#respond\">0<\/a><\/div><\/div><div class=\"w-post-elm post_image usg_post_image_1 stretched\"><a href=\"https:\/\/www.franciscansusa.org\/es\/a-sacrament-to-be-remembered\/\" aria-label=\"Un sacramento para ser recordado\"><img loading=\"lazy\" decoding=\"async\" width=\"590\" height=\"400\" src=\"https:\/\/www.franciscansusa.org\/wp-content\/uploads\/2025\/12\/transitus-sketch2-590x400.jpg\" class=\"attachment-us_600_400_crop size-us_600_400_crop wp-post-image\" alt=\"\" \/><\/a><\/div><div class=\"w-post-elm post_content usg_post_content_1\">2026 marks eight hundred years since the Transitus\u2014the passing of St. Francis of Assisi from this world to eternal life. To remember his death is to remember how he lived: utterly rooted in God\u2019s Word. Francis did not only preach the Gospel; he returned to it repeatedly, letting it shape&hellip;<\/div>\t\t<\/div>\r\n\t<\/article>\r\n<\/div><div class=\"w-grid-preloader\"><div class=\"g-preloader type_1\">\r\n\t<div><\/div>\r\n<\/div>\r\n<\/div>\t\t<div class=\"g-loadmore\">\r\n\t\t\t<div class=\"g-preloader type_1\">\r\n\t\t\t\t<div><\/div>\r\n\t\t\t<\/div>\r\n\t\t\t<a class=\"w-btn us-btn-style_1\" href=\"javascript:void(0)\">\r\n\t\t\t\t<span class=\"w-btn-label\">Carga m\u00e1s<\/span>\r\n\t\t\t<\/a>\r\n\t\t<\/div>\r\n\t\t\t<div class=\"w-grid-json hidden\" onclick='return {&quot;action&quot;:&quot;us_ajax_grid&quot;,&quot;ajax_url&quot;:&quot;https:\\\/\\\/www.franciscansusa.org\\\/wp-admin\\\/admin-ajax.php&quot;,&quot;infinite_scroll&quot;:true,&quot;max_num_pages&quot;:82,&quot;pagination&quot;:&quot;ajax&quot;,&quot;permalink_url&quot;:&quot;https:\\\/\\\/www.franciscansusa.org\\\/es\\\/wp-json\\\/wp\\\/v2\\\/pages\\\/3728&quot;,&quot;template_vars&quot;:{&quot;columns&quot;:&quot;2&quot;,&quot;exclude_items&quot;:&quot;none&quot;,&quot;img_size&quot;:&quot;us_600_400_crop&quot;,&quot;ignore_items_size&quot;:false,&quot;items_layout&quot;:&quot;blog_11&quot;,&quot;items_offset&quot;:&quot;1&quot;,&quot;load_animation&quot;:&quot;none&quot;,&quot;overriding_link&quot;:&quot;none&quot;,&quot;post_id&quot;:3728,&quot;query_args&quot;:{&quot;post_type&quot;:[&quot;post&quot;],&quot;post_status&quot;:[&quot;publish&quot;],&quot;posts_per_page&quot;:&quot;8&quot;},&quot;orderby_query_args&quot;:{&quot;orderby&quot;:{&quot;date&quot;:&quot;DESC&quot;}},&quot;type&quot;:&quot;masonry&quot;,&quot;us_grid_ajax_index&quot;:1,&quot;us_grid_filter_params&quot;:null,&quot;us_grid_index&quot;:1,&quot;_us_grid_post_type&quot;:&quot;post&quot;}}'><\/div>\r\n\t<\/div><\/div><\/div><\/div><\/div><\/div><\/section>\n<\/div>","protected":false},"excerpt":{"rendered":"El a\u00f1o 2026 marca ochocientos a\u00f1os del Tr\u00e1nsito: el paso de San Francisco de As\u00eds de este mundo a la vida eterna. Recordar su muerte es recordar c\u00f3mo vivi\u00f3: profundamente arraigado en la Palabra de Dios. Francisco no solo predic\u00f3 el Evangelio; lo retom\u00f3 repetidamente, dejando que moldeara cada una de sus acciones y deseos...","protected":false},"author":1,"featured_media":0,"parent":0,"menu_order":0,"comment_status":"closed","ping_status":"closed","template":"","meta":{"om_disable_all_campaigns":false,"_monsterinsights_skip_tracking":false,"_monsterinsights_sitenote_active":false,"_monsterinsights_sitenote_note":"","_monsterinsights_sitenote_category":0,"_uf_show_specific_survey":0,"_uf_disable_surveys":false,"footnotes":""},"class_list":["post-3728","page","type-page","status-publish","hentry"],"aioseo_notices":[],"publishpress_future_action":{"enabled":false,"date":"2026-05-07 12:55:44","action":"change-status","newStatus":"draft","terms":[],"taxonomy":"","extraData":[]},"publishpress_future_workflow_manual_trigger":{"enabledWorkflows":[]},"_links":{"self":[{"href":"https:\/\/www.franciscansusa.org\/es\/wp-json\/wp\/v2\/pages\/3728","targetHints":{"allow":["GET"]}}],"collection":[{"href":"https:\/\/www.franciscansusa.org\/es\/wp-json\/wp\/v2\/pages"}],"about":[{"href":"https:\/\/www.franciscansusa.org\/es\/wp-json\/wp\/v2\/types\/page"}],"author":[{"embeddable":true,"href":"https:\/\/www.franciscansusa.org\/es\/wp-json\/wp\/v2\/users\/1"}],"replies":[{"embeddable":true,"href":"https:\/\/www.franciscansusa.org\/es\/wp-json\/wp\/v2\/comments?post=3728"}],"version-history":[{"count":0,"href":"https:\/\/www.franciscansusa.org\/es\/wp-json\/wp\/v2\/pages\/3728\/revisions"}],"wp:attachment":[{"href":"https:\/\/www.franciscansusa.org\/es\/wp-json\/wp\/v2\/media?parent=3728"}],"curies":[{"name":"gracias","href":"https:\/\/api.w.org\/{rel}","templated":true}]}}